{"id":1906,"date":"2026-01-24T17:45:15","date_gmt":"2026-01-24T16:45:15","guid":{"rendered":"https:\/\/www.ihfi-turgot.com\/?page_id=1906"},"modified":"2026-03-28T15:17:18","modified_gmt":"2026-03-28T14:17:18","slug":"39eme-prix-turgot","status":"publish","type":"page","link":"http:\/\/www.ihfi-turgot.com\/?page_id=1906","title":{"rendered":"39\u00e8me Prix TURGOT"},"content":{"rendered":"\t\t<div data-elementor-type=\"wp-page\" data-elementor-id=\"1906\" class=\"elementor elementor-1906\" data-elementor-post-type=\"page\">\n\t\t\t\t\t\t<section class=\"elementor-section elementor-top-section elementor-element elementor-element-ace81a9 elementor-section-boxed elementor-section-height-default elementor-section-height-default\" data-id=\"ace81a9\" data-element_type=\"section\" data-e-type=\"section\">\n\t\t\t\t\t\t<div class=\"elementor-container elementor-column-gap-default\">\n\t\t\t\t\t<div class=\"elementor-column elementor-col-100 elementor-top-column elementor-element elementor-element-12746a6\" data-id=\"12746a6\" data-element_type=\"column\" data-e-type=\"column\">\n\t\t\t<div class=\"elementor-widget-wrap elementor-element-populated\">\n\t\t\t\t\t\t<div class=\"elementor-element elementor-element-c66bd8e elementor-widget elementor-widget-spacer\" data-id=\"c66bd8e\" data-element_type=\"widget\" data-e-type=\"widget\" data-widget_type=\"spacer.default\">\n\t\t\t\t<div class=\"elementor-widget-container\">\n\t\t\t\t\t\t\t<div class=\"elementor-spacer\">\n\t\t\t<div class=\"elementor-spacer-inner\"><\/div>\n\t\t<\/div>\n\t\t\t\t\t\t<\/div>\n\t\t\t\t<\/div>\n\t\t\t\t\t<\/div>\n\t\t<\/div>\n\t\t\t\t\t<\/div>\n\t\t<\/section>\n\t\t\t\t<section class=\"elementor-section elementor-top-section elementor-element elementor-element-fe71ba0 elementor-section-boxed elementor-section-height-default elementor-section-height-default\" data-id=\"fe71ba0\" data-element_type=\"section\" data-e-type=\"section\">\n\t\t\t\t\t\t<div class=\"elementor-container elementor-column-gap-default\">\n\t\t\t\t\t<div class=\"elementor-column elementor-col-100 elementor-top-column elementor-element elementor-element-f0bed69\" data-id=\"f0bed69\" data-element_type=\"column\" data-e-type=\"column\">\n\t\t\t<div class=\"elementor-widget-wrap elementor-element-populated\">\n\t\t\t\t\t\t<div class=\"elementor-element elementor-element-32e7818 elementor-widget elementor-widget-text-editor\" data-id=\"32e7818\" data-element_type=\"widget\" data-e-type=\"widget\" data-widget_type=\"text-editor.default\">\n\t\t\t\t<div class=\"elementor-widget-container\">\n\t\t\t\t\t\t\t\t\t<h5 style=\"text-align: center;\">Sous le Parrainage du<br><span style=\"font-size: 1.4rem;\">Minist\u00e8re de l\u2019\u00c9conomie, des Finances et de la Souverainet\u00e9 industrielle, \u00e9nerg\u00e9tique et num\u00e9rique,<br><\/span><span style=\"font-size: 1.4rem;\">Pr\u00e9sident du Grand Jury, <\/span><span style=\"font-size: 1.4rem;\"><b>Jean-Claude TRICHET<\/b><\/span><span style=\"font-size: 1.4rem;\">,<br><\/span><span style=\"font-size: 1.4rem;\">Pr\u00e9sident du Cercle Turgot, <\/span><span style=\"font-size: 1.4rem;\"><b>Augustin de ROMANET<\/b><br><\/span><span style=\"font-size: 1.4rem;\">et de la Pr\u00e9sidente du Prix Turgot <\/span><span style=\"font-size: 1.4rem;\"><b>Kathleen WANTZ-O\u2019ROURKE<\/b><\/span><span style=\"font-size: 1.4rem;\">, proclament<\/span><\/h5>\n<h4 style=\"text-align: center;\"><b><u>Le Palmar\u00e8s de la 39e \u00e9dition du Prix TURGOT<\/u><\/b><\/h4>\n<h5>Ce rendez-vous annuel, incontournable, de la litt\u00e9rature et de la p\u00e9dagogie \u00e9conomique financi\u00e8re, met \u00e0 l&rsquo;honneur des auteurs confirm\u00e9s et de nouveaux talents prometteurs. Une contribution essentielle \u00e0 la n\u00e9cessaire strat\u00e9gie d&rsquo;\u00e9ducation financi\u00e8re pour sensibiliser nos concitoyens aux enjeux \u00e9conomiques et financiers contemporains.<\/h5>\n<h4 style=\"text-align: center;\"><b><u>LAUREAT de la 39e Edition du PRIX TURGOT<\/u><\/b><\/h4>\n<h5 style=\"text-align: center;\"><b>Dominique FORAY <\/b><\/h5>\n<h5 style=\"text-align: center;\"><b>\u00ab&nbsp;<\/b><i><b>Innovations \u2013 Une \u00e9conomie pour les temps \u00e0 venir<\/b><\/i><b>&nbsp;\u00bb, \u00e9ditions La D\u00e9couverte<\/b><\/h5>\n<h5 style=\"text-align: center;\"><strong>Remis par Augustin de Romanet, Pr\u00e9sident du Cercle Turgot et<\/strong><\/h5>\n<h5 style=\"text-align: center;\"><strong>Jean-Claude TRICHET, Pr\u00e9sident du Grand Jury<\/strong><span style=\"font-family: 'Open Sans', sans-serif; font-size: 1.8rem; font-weight: 500;\">&nbsp;<\/span><\/h5>\n<h5 style=\"text-align: center;\"><strong><u>PRIX DU JURY<\/u><\/strong><\/h5>\n<h5 style=\"text-align: center;\">remis par Vincent REMAY, Conseiller du pr\u00e9sident Groupe VIEL,<\/h5>\n<h5 style=\"text-align: center;\"><b>Antoine FOUCHER<\/b><\/h5>\n<h5 style=\"text-align: center;\"><strong>&nbsp;\u00ab&nbsp;<\/strong><b><i>Sortir du travail qui ne paie plus<\/i><\/b><strong>&nbsp;\u00bb, \u00e9ditions de l\u2019Aube<\/strong><\/h5>\n<div><strong>&nbsp;<\/strong><\/div>\n<h4 style=\"text-align: center;\"><strong><u>Mentions d\u2019honneur ex-aequo<\/u><\/strong><\/h4>\n<h5 style=\"text-align: center;\"><b>R\u00e9gis de LAROULLIERE<\/b><strong>, <\/strong>\u00ab&nbsp;<b><i>E<\/i><\/b><i><b>n route vers les p\u00e9nuries ?&nbsp;<\/b><\/i>\u00bb \u00e9ditions Craps<\/h5>\n<h5 style=\"text-align: center;\"><b>Louis de CREVOISIER, Paul-Armand VEILLON<\/b><strong>, <\/strong>\u00ab&nbsp;<b><i>R\u00e9partir du r\u00e9el. Economie : la parole aux classes moyennes&nbsp;<\/i><\/b>\u00bb, &nbsp;&nbsp;&nbsp;&nbsp;&nbsp;&nbsp;&nbsp;&nbsp;\u00e9ditions L\u2019Observatoire<\/h5>\n<h5 style=\"text-align: center;\"><b>C\u00e9line et Nadia ANTONIN<\/b><strong>, <\/strong>\u00ab&nbsp;<b><i>Crypto-actifs, une menace pour l\u2019ordre mon\u00e9taire et financier<\/i><\/b>&nbsp;\u00bb, \u00e9ditions Economica<\/h5>\n<h5 style=\"text-align: center;\"><b>F\u00e9lix TORRES<\/b><strong>, <\/strong>\u00ab&nbsp;<b><i>Du berceau au tombeau : une histoire critique de l\u2019Etat providence<\/i><\/b>&nbsp;\u00bb, \u00e9ditions de l\u2019\u00c9claireur<span style=\"font-family: 'Open Sans', sans-serif; font-size: 1.8rem; font-weight: 500;\">&nbsp;<\/span><\/h5>\n<h4 style=\"text-align: center;\"><strong><u>Prix Sp\u00e9ciaux<\/u><\/strong><\/h4>\n<h5><strong>Prix AF2i<\/strong> &#8211; <b>Bertrand Martinot, Franck Morel<\/b><strong>,<\/strong> \u00ab&nbsp;<b><i>Le travail est la solution<\/i><\/b>&nbsp;\u00bb, \u00e9ditions Hermann<\/h5>\n<h5><strong>Prix DFCG<\/strong> &#8211; <b>Edouard DOLLEY<\/b>, \u00ab&nbsp;<b><i>Vers une finance durable<\/i><\/b>&nbsp;\u00bb, \u00e9ditions Arnaud Franel<\/h5>\n<h5><strong>Cat\u00e9gorie \u00ab collectif \u00bb<\/strong> &#8211; <b>Olivier PETITJEAN, Ivan du ROY<\/b>, \u00ab&nbsp;<b><i>Multinationales&nbsp;<\/i><\/b>\u00bb, \u00e9ditions La D\u00e9couverte&nbsp;<\/h5>\n<h5><strong>Cat\u00e9gorie \u00ab jeune auteur\/d\u00e9veloppement durable \u00bb<\/strong> &#8211; <b>Mathilde VIENNOT<\/b>, \u00ab&nbsp;<b><i>La planification \u00e9cologique<\/i><\/b>&nbsp;\u00bb, \u00e9ditions La D\u00e9couverte<\/h5>\n<h5><strong>Cat\u00e9gorie \u00ab francophone \u00bb <\/strong>&#8211; <b>Bruno COLMANT, Laurent HUBLET, Marie VANCUTSEM<\/b>, \u00ab&nbsp;<b><i>Changement de quart<\/i><\/b>&nbsp;\u00bb, \u00e9ditions &nbsp;Chronica<\/h5>\n<h5><strong>Cat\u00e9gorie \u00ab p\u00e9dagogie \u00bb<\/strong> &#8211; <b>Lucas CHANCEL<\/b>, \u00ab&nbsp;<i><b>Energie et in\u00e9galit\u00e9s<\/b><\/i>&nbsp;\u00bb, \u00e9ditions Seuil<\/h5>\t\t\t\t\t\t\t\t<\/div>\n\t\t\t\t<\/div>\n\t\t\t\t\t<\/div>\n\t\t<\/div>\n\t\t\t\t\t<\/div>\n\t\t<\/section>\n\t\t\t\t<section class=\"elementor-section elementor-top-section elementor-element elementor-element-e4c6c0c elementor-section-boxed elementor-section-height-default elementor-section-height-default\" data-id=\"e4c6c0c\" data-element_type=\"section\" data-e-type=\"section\">\n\t\t\t\t\t\t<div class=\"elementor-container elementor-column-gap-default\">\n\t\t\t\t\t<div class=\"elementor-column elementor-col-100 elementor-top-column elementor-element elementor-element-bd0e65f\" data-id=\"bd0e65f\" data-element_type=\"column\" data-e-type=\"column\">\n\t\t\t<div class=\"elementor-widget-wrap elementor-element-populated\">\n\t\t\t\t\t\t<div class=\"elementor-element elementor-element-57946f3 elementor-widget-divider--view-line elementor-widget elementor-widget-divider\" data-id=\"57946f3\" data-element_type=\"widget\" data-e-type=\"widget\" data-widget_type=\"divider.default\">\n\t\t\t\t<div class=\"elementor-widget-container\">\n\t\t\t\t\t\t\t<div class=\"elementor-divider\">\n\t\t\t<span class=\"elementor-divider-separator\">\n\t\t\t\t\t\t<\/span>\n\t\t<\/div>\n\t\t\t\t\t\t<\/div>\n\t\t\t\t<\/div>\n\t\t\t\t\t<\/div>\n\t\t<\/div>\n\t\t\t\t\t<\/div>\n\t\t<\/section>\n\t\t\t\t<section class=\"elementor-section elementor-top-section elementor-element elementor-element-56c12e9 elementor-section-boxed elementor-section-height-default elementor-section-height-default\" data-id=\"56c12e9\" data-element_type=\"section\" data-e-type=\"section\">\n\t\t\t\t\t\t<div class=\"elementor-container elementor-column-gap-default\">\n\t\t\t\t\t<div class=\"elementor-column elementor-col-100 elementor-top-column elementor-element elementor-element-8b4f871\" data-id=\"8b4f871\" data-element_type=\"column\" data-e-type=\"column\">\n\t\t\t<div class=\"elementor-widget-wrap elementor-element-populated\">\n\t\t\t\t\t\t<div class=\"elementor-element elementor-element-f33a647 elementor-widget elementor-widget-text-editor\" data-id=\"f33a647\" data-element_type=\"widget\" data-e-type=\"widget\" data-widget_type=\"text-editor.default\">\n\t\t\t\t<div class=\"elementor-widget-container\">\n\t\t\t\t\t\t\t\t\t<h4 class=\"page-title\" style=\"text-align: center;\">Vid\u00e9o\u00a0 : <a href=\"https:\/\/www.economie.gouv.fr\/actualites\/direct-video-39e-edition-du-prix-turgot-le-23-mars-2026\" target=\"_blank\" rel=\"noopener\" data-wplink-edit=\"true\"><span class=\"field field--name-title field--type-string field--label-hidden\">39e \u00e9dition du Prix Turgot, le 23 mars 2026<\/span><\/a><\/h4>\t\t\t\t\t\t\t\t<\/div>\n\t\t\t\t<\/div>\n\t\t\t\t\t<\/div>\n\t\t<\/div>\n\t\t\t\t\t<\/div>\n\t\t<\/section>\n\t\t\t\t<section class=\"elementor-section elementor-top-section elementor-element elementor-element-b6f2789 elementor-section-boxed elementor-section-height-default elementor-section-height-default\" data-id=\"b6f2789\" data-element_type=\"section\" data-e-type=\"section\">\n\t\t\t\t\t\t<div class=\"elementor-container elementor-column-gap-default\">\n\t\t\t\t\t<div class=\"elementor-column elementor-col-100 elementor-top-column elementor-element elementor-element-79f83d7\" data-id=\"79f83d7\" data-element_type=\"column\" data-e-type=\"column\">\n\t\t\t<div class=\"elementor-widget-wrap elementor-element-populated\">\n\t\t\t\t\t\t<div class=\"elementor-element elementor-element-a4271c2 elementor-widget elementor-widget-image\" data-id=\"a4271c2\" data-element_type=\"widget\" data-e-type=\"widget\" data-widget_type=\"image.default\">\n\t\t\t\t<div class=\"elementor-widget-container\">\n\t\t\t\t\t\t\t\t\t\t\t\t\t\t\t\t<a href=\"https:\/\/www.economie.gouv.fr\/actualites\/direct-video-39e-edition-du-prix-turgot-le-23-mars-2026\" target=\"_blank\">\n\t\t\t\t\t\t\t<img fetchpriority=\"high\" decoding=\"async\" width=\"800\" height=\"446\" src=\"https:\/\/www.ihfi-turgot.com\/wp-content\/uploads\/2026\/03\/Capture-decran-2026-03-28-150537-1024x571.jpg\" class=\"attachment-large size-large wp-image-1982\" alt=\"\" srcset=\"https:\/\/www.ihfi-turgot.com\/wp-content\/uploads\/2026\/03\/Capture-decran-2026-03-28-150537-1024x571.jpg 1024w, https:\/\/www.ihfi-turgot.com\/wp-content\/uploads\/2026\/03\/Capture-decran-2026-03-28-150537-300x167.jpg 300w, https:\/\/www.ihfi-turgot.com\/wp-content\/uploads\/2026\/03\/Capture-decran-2026-03-28-150537-768x428.jpg 768w, https:\/\/www.ihfi-turgot.com\/wp-content\/uploads\/2026\/03\/Capture-decran-2026-03-28-150537-800x445.jpg 800w, https:\/\/www.ihfi-turgot.com\/wp-content\/uploads\/2026\/03\/Capture-decran-2026-03-28-150537.jpg 1194w\" sizes=\"(max-width: 800px) 100vw, 800px\" \/>\t\t\t\t\t\t\t\t<\/a>\n\t\t\t\t\t\t\t\t\t\t\t\t\t\t\t<\/div>\n\t\t\t\t<\/div>\n\t\t\t\t\t<\/div>\n\t\t<\/div>\n\t\t\t\t\t<\/div>\n\t\t<\/section>\n\t\t\t\t<section class=\"elementor-section elementor-top-section elementor-element elementor-element-8cf7e67 elementor-section-boxed elementor-section-height-default elementor-section-height-default\" data-id=\"8cf7e67\" data-element_type=\"section\" data-e-type=\"section\">\n\t\t\t\t\t\t<div class=\"elementor-container elementor-column-gap-default\">\n\t\t\t\t\t<div class=\"elementor-column elementor-col-100 elementor-top-column elementor-element elementor-element-93a841f\" data-id=\"93a841f\" data-element_type=\"column\" data-e-type=\"column\">\n\t\t\t<div class=\"elementor-widget-wrap elementor-element-populated\">\n\t\t\t\t\t\t<div class=\"elementor-element elementor-element-726c7d5 elementor-widget elementor-widget-text-editor\" data-id=\"726c7d5\" data-element_type=\"widget\" data-e-type=\"widget\" data-widget_type=\"text-editor.default\">\n\t\t\t\t<div class=\"elementor-widget-container\">\n\t\t\t\t\t\t\t\t\t<p style=\"text-align: center;\"><strong>COMMUNIQU\u00c9 de PRESSE<\/strong><\/p>\t\t\t\t\t\t\t\t<\/div>\n\t\t\t\t<\/div>\n\t\t\t\t\t<\/div>\n\t\t<\/div>\n\t\t\t\t\t<\/div>\n\t\t<\/section>\n\t\t\t\t<section class=\"elementor-section elementor-top-section elementor-element elementor-element-c7cad98 elementor-section-boxed elementor-section-height-default elementor-section-height-default\" data-id=\"c7cad98\" data-element_type=\"section\" data-e-type=\"section\">\n\t\t\t\t\t\t<div class=\"elementor-container elementor-column-gap-default\">\n\t\t\t\t\t<div class=\"elementor-column elementor-col-100 elementor-top-column elementor-element elementor-element-5db75b1\" data-id=\"5db75b1\" data-element_type=\"column\" data-e-type=\"column\">\n\t\t\t<div class=\"elementor-widget-wrap elementor-element-populated\">\n\t\t\t\t\t\t<div class=\"elementor-element elementor-element-2e409f3 elementor-view-stacked elementor-shape-circle elementor-widget elementor-widget-icon\" data-id=\"2e409f3\" data-element_type=\"widget\" data-e-type=\"widget\" data-widget_type=\"icon.default\">\n\t\t\t\t<div class=\"elementor-widget-container\">\n\t\t\t\t\t\t\t<div class=\"elementor-icon-wrapper\">\n\t\t\t<a class=\"elementor-icon\" href=\"http:\/\/www.ihfi-turgot.com\/wp-content\/uploads\/2026\/03\/CP-Plamares-39e-Prix-Turgot_vers-FRA.pdf\" target=\"_blank\">\n\t\t\t<i aria-hidden=\"true\" class=\"far fa-file-pdf\"><\/i>\t\t\t<\/a>\n\t\t<\/div>\n\t\t\t\t\t\t<\/div>\n\t\t\t\t<\/div>\n\t\t\t\t\t<\/div>\n\t\t<\/div>\n\t\t\t\t\t<\/div>\n\t\t<\/section>\n\t\t\t\t<\/div>\n\t\t","protected":false},"excerpt":{"rendered":"<p>Sous le Parrainage duMinist\u00e8re de l\u2019\u00c9conomie, des Finances et de la Souverainet\u00e9 industrielle, \u00e9nerg\u00e9tique et num\u00e9rique,Pr\u00e9sident du Grand Jury, Jean-Claude<\/p>\n","protected":false},"author":1,"featured_media":0,"parent":0,"menu_order":0,"comment_status":"closed","ping_status":"closed","template":"","meta":{"colormag_page_container_layout":"default_layout","colormag_page_sidebar_layout":"default_layout","footnotes":""},"class_list":["post-1906","page","type-page","status-publish","hentry"],"aioseo_notices":[],"_links":{"self":[{"href":"http:\/\/www.ihfi-turgot.com\/index.php?rest_route=\/wp\/v2\/pages\/1906","targetHints":{"allow":["GET"]}}],"collection":[{"href":"http:\/\/www.ihfi-turgot.com\/index.php?rest_route=\/wp\/v2\/pages"}],"about":[{"href":"http:\/\/www.ihfi-turgot.com\/index.php?rest_route=\/wp\/v2\/types\/page"}],"author":[{"embeddable":true,"href":"http:\/\/www.ihfi-turgot.com\/index.php?rest_route=\/wp\/v2\/users\/1"}],"replies":[{"embeddable":true,"href":"http:\/\/www.ihfi-turgot.com\/index.php?rest_route=%2Fwp%2Fv2%2Fcomments&post=1906"}],"version-history":[{"count":16,"href":"http:\/\/www.ihfi-turgot.com\/index.php?rest_route=\/wp\/v2\/pages\/1906\/revisions"}],"predecessor-version":[{"id":1988,"href":"http:\/\/www.ihfi-turgot.com\/index.php?rest_route=\/wp\/v2\/pages\/1906\/revisions\/1988"}],"wp:attachment":[{"href":"http:\/\/www.ihfi-turgot.com\/index.php?rest_route=%2Fwp%2Fv2%2Fmedia&parent=1906"}],"curies":[{"name":"wp","href":"https:\/\/api.w.org\/{rel}","templated":true}]}}