{"id":1723,"date":"2025-03-24T21:04:06","date_gmt":"2025-03-24T20:04:06","guid":{"rendered":"https:\/\/www.ihfi-turgot.com\/?page_id=1723"},"modified":"2026-01-18T12:40:18","modified_gmt":"2026-01-18T11:40:18","slug":"mot-du-directeur-du-developpement","status":"publish","type":"page","link":"http:\/\/www.ihfi-turgot.com\/?page_id=1723","title":{"rendered":"Mot du Directeur du D\u00e9veloppement"},"content":{"rendered":"\t\t<div data-elementor-type=\"wp-page\" data-elementor-id=\"1723\" class=\"elementor elementor-1723\" data-elementor-post-type=\"page\">\n\t\t\t\t\t\t<section class=\"elementor-section elementor-top-section elementor-element elementor-element-e12d3a1 elementor-section-boxed elementor-section-height-default elementor-section-height-default\" data-id=\"e12d3a1\" data-element_type=\"section\" data-e-type=\"section\">\n\t\t\t\t\t\t<div class=\"elementor-container elementor-column-gap-default\">\n\t\t\t\t\t<div class=\"elementor-column elementor-col-100 elementor-top-column elementor-element elementor-element-89c457f\" data-id=\"89c457f\" data-element_type=\"column\" data-e-type=\"column\">\n\t\t\t<div class=\"elementor-widget-wrap elementor-element-populated\">\n\t\t\t\t\t\t<div class=\"elementor-element elementor-element-4dd496d elementor-widget elementor-widget-image\" data-id=\"4dd496d\" data-element_type=\"widget\" data-e-type=\"widget\" data-widget_type=\"image.default\">\n\t\t\t\t<div class=\"elementor-widget-container\">\n\t\t\t\t\t\t\t\t\t\t\t\t\t\t\t<img fetchpriority=\"high\" decoding=\"async\" width=\"300\" height=\"291\" src=\"https:\/\/www.ihfi-turgot.com\/wp-content\/uploads\/2025\/03\/DEVCO-300x291.jpg\" class=\"attachment-medium size-medium wp-image-1726\" alt=\"\" srcset=\"https:\/\/www.ihfi-turgot.com\/wp-content\/uploads\/2025\/03\/DEVCO-300x291.jpg 300w, https:\/\/www.ihfi-turgot.com\/wp-content\/uploads\/2025\/03\/DEVCO.jpg 349w\" sizes=\"(max-width: 300px) 100vw, 300px\" \/>\t\t\t\t\t\t\t\t\t\t\t\t\t\t\t<\/div>\n\t\t\t\t<\/div>\n\t\t\t\t\t<\/div>\n\t\t<\/div>\n\t\t\t\t\t<\/div>\n\t\t<\/section>\n\t\t\t\t<section class=\"elementor-section elementor-top-section elementor-element elementor-element-4ad2cbb elementor-section-boxed elementor-section-height-default elementor-section-height-default\" data-id=\"4ad2cbb\" data-element_type=\"section\" data-e-type=\"section\">\n\t\t\t\t\t\t<div class=\"elementor-container elementor-column-gap-default\">\n\t\t\t\t\t<div class=\"elementor-column elementor-col-100 elementor-top-column elementor-element elementor-element-a67672e\" data-id=\"a67672e\" data-element_type=\"column\" data-e-type=\"column\">\n\t\t\t<div class=\"elementor-widget-wrap elementor-element-populated\">\n\t\t\t\t\t\t<div class=\"elementor-element elementor-element-c99d5fb elementor-widget elementor-widget-text-editor\" data-id=\"c99d5fb\" data-element_type=\"widget\" data-e-type=\"widget\" data-widget_type=\"text-editor.default\">\n\t\t\t\t<div class=\"elementor-widget-container\">\n\t\t\t\t\t\t\t\t\t<h5>Chers Alumni,<\/h5><h5>En cette p\u00e9riode de v\u0153ux, permettez-moi de vous adresser, au-del\u00e0 des traditionnels souhaits de sant\u00e9 et de r\u00e9ussite, l\u2019envie de partager avec vous un \u00e9lan d\u2019optimisme, de cr\u00e9ativit\u00e9 et d\u2019ambition face aux d\u00e9fis qui nous attendent.<\/h5><h5>Vous le savez, l\u2019Institut de Haute Finance con\u00e7oit des programmes de formation en finance adapt\u00e9s aux besoins des entreprises d\u2019aujourd\u2019hui : finance d\u2019entreprise, finance de march\u00e9, \u00e9conomie financi\u00e8re, et bien plus encore. Ces formations, pens\u00e9es aussi bien pour des non-financiers que pour des experts, des cadres \u00e0 haut potentiel, des dirigeants, des consultants ou encore des juristes, permettent \u00e0 chacun d\u2019acqu\u00e9rir des comp\u00e9tences cl\u00e9s et de relever les d\u00e9fis \u00e9conomiques et financiers actuels.<\/h5><h5>L\u2019ann\u00e9e 2025 a \u00e9t\u00e9 marqu\u00e9e par une forte croissance pour notre \u00e9cole. Deux promotions ont ainsi pu \u00eatre mises en place : l\u2019une en mai, r\u00e9unissant 18 apprenants, et l\u2019autre en octobre, avec 16 apprenants. Pour m\u00e9moire, nous n\u2019avions accueilli qu\u2019une seule promotion de 12 apprenants en 2024. La session de mai 2026 est d\u00e9sormais ouverte : n\u2019h\u00e9sitez pas \u00e0 en faire la promotion autour de vous.<\/h5><h5>L\u2019ann\u00e9e 2025 a \u00e9galement \u00e9t\u00e9 couronn\u00e9e par le succ\u00e8s de la 38\u1d49 \u00e9dition du Prix Turgot \u00e0 Bercy, qui s\u2019est tenue le 25 mars sous la houlette de notre formidable et dynamique <strong><em>Pr\u00e9sidente, Kathleen Wantz-O\u2019Rourke<\/em><\/strong>. La 39\u1d49 \u00e9dition aura lieu le 24 mars 2026, et vous y \u00eates bien \u00e9videmment tous convi\u00e9s.<\/h5><h5>Enfin, que dire de l\u2019incroyable progression de notre blog consacr\u00e9 \u00e0 la litt\u00e9rature \u00e9conomique et financi\u00e8re ? Sous la direction du <strong><em>Professeur Jean-Jacques Pluchart<\/em><\/strong>, ce sont 650 000 lecteurs, en France, aux \u00c9tats-Unis, en Angleterre, \u00e0 Singapour, au Canada \u2014 pour ne citer que quelques pays \u2014 qui nous ont lus en 2025. J\u2019en suis convaincu, 2026 verra le cap du million de lecteurs d\u00e9pass\u00e9.<\/h5><h5>C\u2019est ensemble que nous avons atteint ces r\u00e9sultats exceptionnels, et c\u2019est ensemble que nous aurons l\u2019opportunit\u00e9 de renforcer le rayonnement de notre institution et de d\u00e9montrer que notre \u00e9cole demeure une r\u00e9f\u00e9rence incontournable en finance.<\/h5><h5>N\u2019h\u00e9sitez pas \u00e0 partager, \u00e0 faire conna\u00eetre et \u00e0 diffuser le programme de notre \u00e9cole<br \/>(<a href=\"https:\/\/www.ifgexecutive.com\/formations-finance\/\">https:\/\/www.ifgexecutive.com\/formations-finance\/<\/a>) au sein de votre organisation et dans vos diff\u00e9rents r\u00e9seaux<\/h5><h5>Philippe Alezard<\/h5><h5>Directeur du d\u00e9veloppement de l\u2019Institut de Haute Finance<\/h5>\t\t\t\t\t\t\t\t<\/div>\n\t\t\t\t<\/div>\n\t\t\t\t\t<\/div>\n\t\t<\/div>\n\t\t\t\t\t<\/div>\n\t\t<\/section>\n\t\t\t\t<\/div>\n\t\t","protected":false},"excerpt":{"rendered":"<p>Chers Alumni, En cette p\u00e9riode de v\u0153ux, permettez-moi de vous adresser, au-del\u00e0 des traditionnels souhaits de sant\u00e9 et de r\u00e9ussite,<\/p>\n","protected":false},"author":1,"featured_media":0,"parent":0,"menu_order":0,"comment_status":"closed","ping_status":"closed","template":"","meta":{"colormag_page_container_layout":"default_layout","colormag_page_sidebar_layout":"default_layout","footnotes":""},"class_list":["post-1723","page","type-page","status-publish","hentry"],"aioseo_notices":[],"_links":{"self":[{"href":"http:\/\/www.ihfi-turgot.com\/index.php?rest_route=\/wp\/v2\/pages\/1723","targetHints":{"allow":["GET"]}}],"collection":[{"href":"http:\/\/www.ihfi-turgot.com\/index.php?rest_route=\/wp\/v2\/pages"}],"about":[{"href":"http:\/\/www.ihfi-turgot.com\/index.php?rest_route=\/wp\/v2\/types\/page"}],"author":[{"embeddable":true,"href":"http:\/\/www.ihfi-turgot.com\/index.php?rest_route=\/wp\/v2\/users\/1"}],"replies":[{"embeddable":true,"href":"http:\/\/www.ihfi-turgot.com\/index.php?rest_route=%2Fwp%2Fv2%2Fcomments&post=1723"}],"version-history":[{"count":7,"href":"http:\/\/www.ihfi-turgot.com\/index.php?rest_route=\/wp\/v2\/pages\/1723\/revisions"}],"predecessor-version":[{"id":1824,"href":"http:\/\/www.ihfi-turgot.com\/index.php?rest_route=\/wp\/v2\/pages\/1723\/revisions\/1824"}],"wp:attachment":[{"href":"http:\/\/www.ihfi-turgot.com\/index.php?rest_route=%2Fwp%2Fv2%2Fmedia&parent=1723"}],"curies":[{"name":"wp","href":"https:\/\/api.w.org\/{rel}","templated":true}]}}