{"id":1660,"date":"2025-02-05T17:05:13","date_gmt":"2025-02-05T16:05:13","guid":{"rendered":"http:\/\/www.ihfi-turgot.com\/?page_id=1660"},"modified":"2026-04-08T11:40:33","modified_gmt":"2026-04-08T09:40:33","slug":"membres-du-club-de-lecture","status":"publish","type":"page","link":"http:\/\/www.ihfi-turgot.com\/?page_id=1660","title":{"rendered":"Membres du Club de lecture"},"content":{"rendered":"\t\t<div data-elementor-type=\"wp-page\" data-elementor-id=\"1660\" class=\"elementor elementor-1660\" data-elementor-post-type=\"page\">\n\t\t\t\t\t\t<section class=\"elementor-section elementor-top-section elementor-element elementor-element-5d9dacc elementor-section-boxed elementor-section-height-default elementor-section-height-default\" data-id=\"5d9dacc\" data-element_type=\"section\" data-e-type=\"section\">\n\t\t\t\t\t\t<div class=\"elementor-container elementor-column-gap-default\">\n\t\t\t\t\t<div class=\"elementor-column elementor-col-100 elementor-top-column elementor-element elementor-element-aa5d42a\" data-id=\"aa5d42a\" data-element_type=\"column\" data-e-type=\"column\">\n\t\t\t<div class=\"elementor-widget-wrap elementor-element-populated\">\n\t\t\t\t\t\t<div class=\"elementor-element elementor-element-d23cf2d elementor-widget elementor-widget-spacer\" data-id=\"d23cf2d\" data-element_type=\"widget\" data-e-type=\"widget\" data-widget_type=\"spacer.default\">\n\t\t\t\t<div class=\"elementor-widget-container\">\n\t\t\t\t\t\t\t<div class=\"elementor-spacer\">\n\t\t\t<div class=\"elementor-spacer-inner\"><\/div>\n\t\t<\/div>\n\t\t\t\t\t\t<\/div>\n\t\t\t\t<\/div>\n\t\t\t\t\t<\/div>\n\t\t<\/div>\n\t\t\t\t\t<\/div>\n\t\t<\/section>\n\t\t\t\t<section class=\"elementor-section elementor-top-section elementor-element elementor-element-7df379e elementor-section-boxed elementor-section-height-default elementor-section-height-default\" data-id=\"7df379e\" data-element_type=\"section\" data-e-type=\"section\">\n\t\t\t\t\t\t<div class=\"elementor-container elementor-column-gap-default\">\n\t\t\t\t\t<div class=\"elementor-column elementor-col-100 elementor-top-column elementor-element elementor-element-03290c5\" data-id=\"03290c5\" data-element_type=\"column\" data-e-type=\"column\">\n\t\t\t<div class=\"elementor-widget-wrap elementor-element-populated\">\n\t\t\t\t\t\t<div class=\"elementor-element elementor-element-a9be0ba elementor-skin-coverflow elementor-arrows-yes elementor-pagination-type-bullets elementor-pagination-position-outside elementor-widget elementor-widget-media-carousel\" data-id=\"a9be0ba\" data-element_type=\"widget\" data-e-type=\"widget\" data-settings=\"{&quot;slides_per_view&quot;:&quot;3&quot;,&quot;skin&quot;:&quot;coverflow&quot;,&quot;show_arrows&quot;:&quot;yes&quot;,&quot;pagination&quot;:&quot;bullets&quot;,&quot;speed&quot;:500,&quot;autoplay&quot;:&quot;yes&quot;,&quot;autoplay_speed&quot;:5000,&quot;loop&quot;:&quot;yes&quot;,&quot;pause_on_hover&quot;:&quot;yes&quot;,&quot;pause_on_interaction&quot;:&quot;yes&quot;,&quot;space_between&quot;:{&quot;unit&quot;:&quot;px&quot;,&quot;size&quot;:10,&quot;sizes&quot;:[]},&quot;space_between_tablet&quot;:{&quot;unit&quot;:&quot;px&quot;,&quot;size&quot;:10,&quot;sizes&quot;:[]},&quot;space_between_mobile&quot;:{&quot;unit&quot;:&quot;px&quot;,&quot;size&quot;:10,&quot;sizes&quot;:[]}}\" data-widget_type=\"media-carousel.default\">\n\t\t\t\t<div class=\"elementor-widget-container\">\n\t\t\t\t\t\t\t\t\t<div class=\"elementor-swiper\">\n\t\t\t\t\t<div class=\"elementor-main-swiper swiper\" role=\"region\" aria-roledescription=\"carousel\" aria-label=\"Diapositives\">\n\t\t\t\t<div class=\"swiper-wrapper\">\n\t\t\t\t\t\t\t\t\t\t\t<div class=\"swiper-slide\" role=\"group\" aria-roledescription=\"slide\">\n\t\t\t\t\t\t\t\t\t<div class=\"elementor-carousel-image\" role=\"img\" aria-label=\"Renzo BORSATO\" style=\"background-image: url(&#039;http:\/\/www.ihfi-turgot.com\/wp-content\/uploads\/2020\/08\/Renzo-BORSATO-150x150.png&#039;)\">\n\n\t\t\t\n\t\t\t\t\t<\/div>\n\t\t\t\t\t\t\t\t<\/div>\n\t\t\t\t\t\t\t\t\t\t\t<div class=\"swiper-slide\" role=\"group\" aria-roledescription=\"slide\">\n\t\t\t\t\t\t\t\t\t<div class=\"elementor-carousel-image\" role=\"img\" aria-label=\"Philippe ALEZARD\" style=\"background-image: url(&#039;http:\/\/www.ihfi-turgot.com\/wp-content\/uploads\/2020\/08\/Philippe-ALEZARD-150x150.png&#039;)\">\n\n\t\t\t\n\t\t\t\t\t<\/div>\n\t\t\t\t\t\t\t\t<\/div>\n\t\t\t\t\t\t\t\t\t\t\t<div class=\"swiper-slide\" role=\"group\" aria-roledescription=\"slide\">\n\t\t\t\t\t\t\t\t\t<div class=\"elementor-carousel-image\" role=\"img\" aria-label=\"Sophie FRIOT\" style=\"background-image: url(&#039;http:\/\/www.ihfi-turgot.com\/wp-content\/uploads\/2025\/08\/Sophie-FRIOT-150x150.jpg&#039;)\">\n\n\t\t\t\n\t\t\t\t\t<\/div>\n\t\t\t\t\t\t\t\t<\/div>\n\t\t\t\t\t\t\t\t\t\t\t<div class=\"swiper-slide\" role=\"group\" aria-roledescription=\"slide\">\n\t\t\t\t\t\t\t\t\t<div class=\"elementor-carousel-image\" role=\"img\" aria-label=\"Jean-Jacques PLUCHART\" style=\"background-image: url(&#039;http:\/\/www.ihfi-turgot.com\/wp-content\/uploads\/2020\/08\/Jean-Jacques-PLUCHART-150x150.png&#039;)\">\n\n\t\t\t\n\t\t\t\t\t<\/div>\n\t\t\t\t\t\t\t\t<\/div>\n\t\t\t\t\t\t\t\t\t\t\t<div class=\"swiper-slide\" role=\"group\" aria-roledescription=\"slide\">\n\t\t\t\t\t\t\t\t\t<div class=\"elementor-carousel-image\" role=\"img\" aria-label=\"Florence ANGLES\" style=\"background-image: url(&#039;http:\/\/www.ihfi-turgot.com\/wp-content\/uploads\/2020\/08\/Florence-ANGLES-150x150.png&#039;)\">\n\n\t\t\t\n\t\t\t\t\t<\/div>\n\t\t\t\t\t\t\t\t<\/div>\n\t\t\t\t\t\t\t\t\t\t\t<div class=\"swiper-slide\" role=\"group\" aria-roledescription=\"slide\">\n\t\t\t\t\t\t\t\t\t<div class=\"elementor-carousel-image\" role=\"img\" aria-label=\"Dominique CHESNEAU\" style=\"background-image: url(&#039;http:\/\/www.ihfi-turgot.com\/wp-content\/uploads\/2020\/08\/Dominique-CHESNEAU-150x150.png&#039;)\">\n\n\t\t\t\n\t\t\t\t\t<\/div>\n\t\t\t\t\t\t\t\t<\/div>\n\t\t\t\t\t\t\t\t\t\t\t<div class=\"swiper-slide\" role=\"group\" aria-roledescription=\"slide\">\n\t\t\t\t\t\t\t\t\t<div class=\"elementor-carousel-image\" role=\"img\" aria-label=\"Denis MOLHO\" style=\"background-image: url(&#039;http:\/\/www.ihfi-turgot.com\/wp-content\/uploads\/2020\/08\/Denis-MOLHO-150x150.png&#039;)\">\n\n\t\t\t\n\t\t\t\t\t<\/div>\n\t\t\t\t\t\t\t\t<\/div>\n\t\t\t\t\t\t\t\t\t\t\t<div class=\"swiper-slide\" role=\"group\" aria-roledescription=\"slide\">\n\t\t\t\t\t\t\t\t\t<div class=\"elementor-carousel-image\" role=\"img\" aria-label=\"Christian CHOUFFIER\" style=\"background-image: url(&#039;http:\/\/www.ihfi-turgot.com\/wp-content\/uploads\/2020\/08\/Christian-CHOUFFIER-150x150.png&#039;)\">\n\n\t\t\t\n\t\t\t\t\t<\/div>\n\t\t\t\t\t\t\t\t<\/div>\n\t\t\t\t\t\t\t\t\t\t\t<div class=\"swiper-slide\" role=\"group\" aria-roledescription=\"slide\">\n\t\t\t\t\t\t\t\t\t<div class=\"elementor-carousel-image\" role=\"img\" aria-label=\"freddy\" style=\"background-image: url(&#039;http:\/\/www.ihfi-turgot.com\/wp-content\/uploads\/2020\/09\/freddy-150x150.png&#039;)\">\n\n\t\t\t\n\t\t\t\t\t<\/div>\n\t\t\t\t\t\t\t\t<\/div>\n\t\t\t\t\t\t\t\t\t\t\t<div class=\"swiper-slide\" role=\"group\" aria-roledescription=\"slide\">\n\t\t\t\t\t\t\t\t\t<div class=\"elementor-carousel-image\" role=\"img\" aria-label=\"alcaraz\" style=\"background-image: url(&#039;http:\/\/www.ihfi-turgot.com\/wp-content\/uploads\/2020\/09\/alcaraz-150x150.jpg&#039;)\">\n\n\t\t\t\n\t\t\t\t\t<\/div>\n\t\t\t\t\t\t\t\t<\/div>\n\t\t\t\t\t\t\t\t\t\t\t<div class=\"swiper-slide\" role=\"group\" aria-roledescription=\"slide\">\n\t\t\t\t\t\t\t\t\t<div class=\"elementor-carousel-image\" role=\"img\" aria-label=\"a.brunet\" style=\"background-image: url(&#039;http:\/\/www.ihfi-turgot.com\/wp-content\/uploads\/2020\/09\/a.brunet-150x150.jpg&#039;)\">\n\n\t\t\t\n\t\t\t\t\t<\/div>\n\t\t\t\t\t\t\t\t<\/div>\n\t\t\t\t\t\t\t\t\t\t\t<div class=\"swiper-slide\" role=\"group\" aria-roledescription=\"slide\">\n\t\t\t\t\t\t\t\t\t<div class=\"elementor-carousel-image\" role=\"img\" aria-label=\"gabet\" style=\"background-image: url(&#039;http:\/\/www.ihfi-turgot.com\/wp-content\/uploads\/2020\/09\/gabet-1-150x150.jpg&#039;)\">\n\n\t\t\t\n\t\t\t\t\t<\/div>\n\t\t\t\t\t\t\t\t<\/div>\n\t\t\t\t\t\t\t\t\t\t\t<div class=\"swiper-slide\" role=\"group\" aria-roledescription=\"slide\">\n\t\t\t\t\t\t\t\t\t<div class=\"elementor-carousel-image\" role=\"img\" aria-label=\"_20220524_114932 (2)\" style=\"background-image: url(&#039;http:\/\/www.ihfi-turgot.com\/wp-content\/uploads\/2024\/06\/20220524_114932-2-150x150.jpg&#039;)\">\n\n\t\t\t\n\t\t\t\t\t<\/div>\n\t\t\t\t\t\t\t\t<\/div>\n\t\t\t\t\t\t\t\t\t<\/div>\n\t\t\t\t\t\t\t\t\t\t\t\t\t\t\t<div class=\"elementor-swiper-button elementor-swiper-button-prev\" role=\"button\" tabindex=\"0\" aria-label=\"Pr\u00e9c\u00e9dent\">\n\t\t\t\t\t\t\t<i aria-hidden=\"true\" class=\"eicon-chevron-left\"><\/i>\t\t\t\t\t\t<\/div>\n\t\t\t\t\t\t<div class=\"elementor-swiper-button elementor-swiper-button-next\" role=\"button\" tabindex=\"0\" aria-label=\"Suivant\">\n\t\t\t\t\t\t\t<i aria-hidden=\"true\" class=\"eicon-chevron-right\"><\/i>\t\t\t\t\t\t<\/div>\n\t\t\t\t\t\t\t\t\t\t\t\t\t\t\t\t<div class=\"swiper-pagination\"><\/div>\n\t\t\t\t\t\t\t\t\t\t\t\t<\/div>\n\t\t\t\t<\/div>\n\t\t\t\t\t\t\t\t<\/div>\n\t\t\t\t<\/div>\n\t\t\t\t\t<\/div>\n\t\t<\/div>\n\t\t\t\t\t<\/div>\n\t\t<\/section>\n\t\t\t\t<section class=\"elementor-section elementor-top-section elementor-element elementor-element-5a7605a elementor-section-boxed elementor-section-height-default elementor-section-height-default\" data-id=\"5a7605a\" data-element_type=\"section\" data-e-type=\"section\">\n\t\t\t\t\t\t<div class=\"elementor-container elementor-column-gap-default\">\n\t\t\t\t\t<div class=\"elementor-column elementor-col-100 elementor-top-column elementor-element elementor-element-97e4e87\" data-id=\"97e4e87\" data-element_type=\"column\" data-e-type=\"column\">\n\t\t\t<div class=\"elementor-widget-wrap elementor-element-populated\">\n\t\t\t\t\t\t<div class=\"elementor-element elementor-element-e377a74 elementor-widget elementor-widget-spacer\" data-id=\"e377a74\" data-element_type=\"widget\" data-e-type=\"widget\" data-widget_type=\"spacer.default\">\n\t\t\t\t<div class=\"elementor-widget-container\">\n\t\t\t\t\t\t\t<div class=\"elementor-spacer\">\n\t\t\t<div class=\"elementor-spacer-inner\"><\/div>\n\t\t<\/div>\n\t\t\t\t\t\t<\/div>\n\t\t\t\t<\/div>\n\t\t\t\t\t<\/div>\n\t\t<\/div>\n\t\t\t\t\t<\/div>\n\t\t<\/section>\n\t\t\t\t<section class=\"elementor-section elementor-top-section elementor-element elementor-element-73b6184 elementor-section-boxed elementor-section-height-default elementor-section-height-default\" data-id=\"73b6184\" data-element_type=\"section\" data-e-type=\"section\">\n\t\t\t\t\t\t<div class=\"elementor-container elementor-column-gap-default\">\n\t\t\t\t\t<div class=\"elementor-column elementor-col-50 elementor-top-column elementor-element elementor-element-0b4d650\" data-id=\"0b4d650\" data-element_type=\"column\" data-e-type=\"column\">\n\t\t\t<div class=\"elementor-widget-wrap elementor-element-populated\">\n\t\t\t\t\t\t<div class=\"elementor-element elementor-element-2778a0b elementor-widget elementor-widget-toggle\" data-id=\"2778a0b\" data-element_type=\"widget\" data-e-type=\"widget\" data-widget_type=\"toggle.default\">\n\t\t\t\t<div class=\"elementor-widget-container\">\n\t\t\t\t\t\t\t<div class=\"elementor-toggle\">\n\t\t\t\t\t\t\t<div class=\"elementor-toggle-item\">\n\t\t\t\t\t<div id=\"elementor-tab-title-4131\" class=\"elementor-tab-title\" data-tab=\"1\" role=\"button\" aria-controls=\"elementor-tab-content-4131\" aria-expanded=\"false\">\n\t\t\t\t\t\t\t\t\t\t\t\t<span class=\"elementor-toggle-icon elementor-toggle-icon-left\" aria-hidden=\"true\">\n\t\t\t\t\t\t\t\t\t\t\t\t\t\t\t<span class=\"elementor-toggle-icon-closed\"><i class=\"fas fa-caret-right\"><\/i><\/span>\n\t\t\t\t\t\t\t\t<span class=\"elementor-toggle-icon-opened\"><i class=\"elementor-toggle-icon-opened fas fa-caret-up\"><\/i><\/span>\n\t\t\t\t\t\t\t\t\t\t\t\t\t<\/span>\n\t\t\t\t\t\t\t\t\t\t\t\t<a class=\"elementor-toggle-title\" tabindex=\"0\">Hubert  ALCARAZ<\/a>\n\t\t\t\t\t<\/div>\n\n\t\t\t\t\t<div id=\"elementor-tab-content-4131\" class=\"elementor-tab-content elementor-clearfix\" data-tab=\"1\" role=\"region\" aria-labelledby=\"elementor-tab-title-4131\"><p>Docteur es\u00a0 sciences \u00e9conomiques, dipl\u00f4m\u00e9 de l\u2019 IAE, du Business Training Course (G.E.), de l\u2019IHFi\u00a0 et du CHEE-DD (Coll\u00e8ge Haute Etude Environnementale et D\u00e9veloppement Durable), il a \u00e9t\u00e9 attach\u00e9 de Direction (Philips France), marketing export (Chrysler), analyste financier, formateur financier Groupe, auditeur des filiales \u00e9trang\u00e8res, en ressources humaines dans les fonctions Groupe de finance, services g\u00e9n\u00e9raux, qualit\u00e9, organisation, plans sociaux (General Electric), DAF (Honeywell), DAF (Compuprint Bull). Il a particip\u00e9 aux cr\u00e9ations en Belgique, de CMC Belgique (Recrutement et gestion Credit Managers) et en France de CHORUS Management\u00a0 (D\u00e9veloppement\u00a0 Durable, conseil aux entreprises : audit,\u00a0 organisation, strat\u00e9gie ). Il est actuellement Vice-pr\u00e9sident Europe de CHORUS Management Inc. Il est membre de l\u2019AE AE IHFI et de\u00a0 l\u2019 ENSIATE (Ecole d&rsquo;ing\u00e9nieur Energie)\u00a0 : Conseiller du Pr\u00e9sident et secr\u00e9taire G\u00e9n\u00e9ral .<\/p><\/div>\n\t\t\t\t<\/div>\n\t\t\t\t\t\t\t<div class=\"elementor-toggle-item\">\n\t\t\t\t\t<div id=\"elementor-tab-title-4132\" class=\"elementor-tab-title\" data-tab=\"2\" role=\"button\" aria-controls=\"elementor-tab-content-4132\" aria-expanded=\"false\">\n\t\t\t\t\t\t\t\t\t\t\t\t<span class=\"elementor-toggle-icon elementor-toggle-icon-left\" aria-hidden=\"true\">\n\t\t\t\t\t\t\t\t\t\t\t\t\t\t\t<span class=\"elementor-toggle-icon-closed\"><i class=\"fas fa-caret-right\"><\/i><\/span>\n\t\t\t\t\t\t\t\t<span class=\"elementor-toggle-icon-opened\"><i class=\"elementor-toggle-icon-opened fas fa-caret-up\"><\/i><\/span>\n\t\t\t\t\t\t\t\t\t\t\t\t\t<\/span>\n\t\t\t\t\t\t\t\t\t\t\t\t<a class=\"elementor-toggle-title\" tabindex=\"0\">Philippe ALEZARD<\/a>\n\t\t\t\t\t<\/div>\n\n\t\t\t\t\t<div id=\"elementor-tab-content-4132\" class=\"elementor-tab-content elementor-clearfix\" data-tab=\"2\" role=\"region\" aria-labelledby=\"elementor-tab-title-4132\"><p>Ing\u00e9nieur T\u00e9l\u00e9com et ancien \u00e9l\u00e8ve de l\u2019Institut de Haute Finance, il a commenc\u00e9 sa carri\u00e8re chez France T\u00e9l\u00e9com, en charge du d\u00e9veloppement des services multim\u00e9dia sur internet. Il a rejoint le secteur de l\u2019\u00e9lectronique grand publique chez Thomson MultiMedia puis en tant que DG de Continental Edison. Expatri\u00e9 en Asie, Japon, Singapour, Taiwan, Cor\u00e9e et Chine de 2000 \u00e0 2014. Il est Pr\u00e9sident de Fipal, soci\u00e9t\u00e9 de gestion sp\u00e9cialis\u00e9e en trading de produits d\u00e9riv\u00e9s, futures et options, depuis 2015. Il est contributeur pour le journal Contrepoints en \u00e9conomie et finance.<\/p><\/div>\n\t\t\t\t<\/div>\n\t\t\t\t\t\t\t<div class=\"elementor-toggle-item\">\n\t\t\t\t\t<div id=\"elementor-tab-title-4133\" class=\"elementor-tab-title\" data-tab=\"3\" role=\"button\" aria-controls=\"elementor-tab-content-4133\" aria-expanded=\"false\">\n\t\t\t\t\t\t\t\t\t\t\t\t<span class=\"elementor-toggle-icon elementor-toggle-icon-left\" aria-hidden=\"true\">\n\t\t\t\t\t\t\t\t\t\t\t\t\t\t\t<span class=\"elementor-toggle-icon-closed\"><i class=\"fas fa-caret-right\"><\/i><\/span>\n\t\t\t\t\t\t\t\t<span class=\"elementor-toggle-icon-opened\"><i class=\"elementor-toggle-icon-opened fas fa-caret-up\"><\/i><\/span>\n\t\t\t\t\t\t\t\t\t\t\t\t\t<\/span>\n\t\t\t\t\t\t\t\t\t\t\t\t<a class=\"elementor-toggle-title\" tabindex=\"0\">Florence ANGLES<\/a>\n\t\t\t\t\t<\/div>\n\n\t\t\t\t\t<div id=\"elementor-tab-content-4133\" class=\"elementor-tab-content elementor-clearfix\" data-tab=\"3\" role=\"region\" aria-labelledby=\"elementor-tab-title-4133\"><p>Statisticienne et \u00e9conom\u00e8tre de formation, Florence est une ancienne \u00e9l\u00e8ve de l\u2019Institut de Haute Finance. Elle est \u00e9galement CAIA et FDP charterholder. Elle poss\u00e8de une exp\u00e9rience d\u2019environ 20 ans dans la gestion des risques en France, Belgique et Suisse dans le secteur bancaire et aupr\u00e8s de deux big four sur les probl\u00e9matiques r\u00e9glementaires. Elle a d\u2019ailleurs \u00e9t\u00e9 reconnue dans son domaine en Suisse par la Swiss Risk Association en 2017, 2018 et internationalement en 2019 par l\u2019Exemplar Award du DCRO (Director and Chief Risk Officers\u2019 Group). Elle a contribu\u00e9 \u00e0 des publications internationales sur les bonnes pratiques en mati\u00e8re de cybers\u00e9curit\u00e9 et de comit\u00e9 des risques publi\u00e9es par le DCRO. Elle a publi\u00e9 des articles en Suisse sur la digitalisation, la finance durable en lien avec le plan d\u2019action de la Commission europ\u00e9enne et intervient r\u00e9guli\u00e8rement comme conf\u00e9renci\u00e8re comme lors de l\u2019AM Tech Day 2019 \u00e0 Paris.\u00a0 Elle est depuis mai 2020 Managing Principal en charge des risques et du compliance chez Capco \u00e0 Gen\u00e8ve. A c\u00f4t\u00e9 de son activit\u00e9 professionnelle, Florence est tr\u00e8s active depuis plusieurs ann\u00e9es en Suisse sur l\u2019\u00e9galit\u00e9 entre les hommes et les femmes, impliqu\u00e9e notamment dans la probl\u00e9matique des femmes dans les conseils d\u2019administration.<\/p><\/div>\n\t\t\t\t<\/div>\n\t\t\t\t\t\t\t<div class=\"elementor-toggle-item\">\n\t\t\t\t\t<div id=\"elementor-tab-title-4134\" class=\"elementor-tab-title\" data-tab=\"4\" role=\"button\" aria-controls=\"elementor-tab-content-4134\" aria-expanded=\"false\">\n\t\t\t\t\t\t\t\t\t\t\t\t<span class=\"elementor-toggle-icon elementor-toggle-icon-left\" aria-hidden=\"true\">\n\t\t\t\t\t\t\t\t\t\t\t\t\t\t\t<span class=\"elementor-toggle-icon-closed\"><i class=\"fas fa-caret-right\"><\/i><\/span>\n\t\t\t\t\t\t\t\t<span class=\"elementor-toggle-icon-opened\"><i class=\"elementor-toggle-icon-opened fas fa-caret-up\"><\/i><\/span>\n\t\t\t\t\t\t\t\t\t\t\t\t\t<\/span>\n\t\t\t\t\t\t\t\t\t\t\t\t<a class=\"elementor-toggle-title\" tabindex=\"0\">Renzo BORSATO<\/a>\n\t\t\t\t\t<\/div>\n\n\t\t\t\t\t<div id=\"elementor-tab-content-4134\" class=\"elementor-tab-content elementor-clearfix\" data-tab=\"4\" role=\"region\" aria-labelledby=\"elementor-tab-title-4134\"><p>Dipl\u00f4m\u00e9 Sup de Co, DECS, DGC (Dipl\u00f4me de Gestion Comptable, avec 4 certificats sup\u00e9rieurs de l\u2019expertise comptable), sp\u00e9cialisation \u00e0 la MIAGE Orsay (Ma\u00eetrise Informatique Appliqu\u00e9e \u00e0 la Gestion), ICG, INM, et ancien \u00e9l\u00e8ve de l\u2019IHFI. Il a occup\u00e9 des postes de DAF dans des soci\u00e9t\u00e9s de prestations de services industriels, notamment chez Anett, petite soci\u00e9t\u00e9 r\u00e9gionale, qui est devenue une entreprise nationale, num\u00e9ro 3 sur le march\u00e9 fran\u00e7ais.<\/p><\/div>\n\t\t\t\t<\/div>\n\t\t\t\t\t\t\t<div class=\"elementor-toggle-item\">\n\t\t\t\t\t<div id=\"elementor-tab-title-4135\" class=\"elementor-tab-title\" data-tab=\"5\" role=\"button\" aria-controls=\"elementor-tab-content-4135\" aria-expanded=\"false\">\n\t\t\t\t\t\t\t\t\t\t\t\t<span class=\"elementor-toggle-icon elementor-toggle-icon-left\" aria-hidden=\"true\">\n\t\t\t\t\t\t\t\t\t\t\t\t\t\t\t<span class=\"elementor-toggle-icon-closed\"><i class=\"fas fa-caret-right\"><\/i><\/span>\n\t\t\t\t\t\t\t\t<span class=\"elementor-toggle-icon-opened\"><i class=\"elementor-toggle-icon-opened fas fa-caret-up\"><\/i><\/span>\n\t\t\t\t\t\t\t\t\t\t\t\t\t<\/span>\n\t\t\t\t\t\t\t\t\t\t\t\t<a class=\"elementor-toggle-title\" tabindex=\"0\">Alain BRUNET<\/a>\n\t\t\t\t\t<\/div>\n\n\t\t\t\t\t<div id=\"elementor-tab-content-4135\" class=\"elementor-tab-content elementor-clearfix\" data-tab=\"5\" role=\"region\" aria-labelledby=\"elementor-tab-title-4135\"><p>Docteur ing\u00e9nieur et docteur en sciences de gestion de l\u2019Universit\u00e9 Paris II, il est ancien \u00e9l\u00e8ve de l\u2019Institut de haute finance. Il poss\u00e8de une exp\u00e9rience de plus de trente ans dans le domaine des grands projets internationaux (m\u00e9dical, chimie, a\u00e9ronautique, g\u00e9nie-civil, transport, d\u00e9fense). Praticien exp\u00e9riment\u00e9, il m\u00e8ne r\u00e9guli\u00e8rement des actions de formation aupr\u00e8s des entreprises. Il est \u00e9galement co-auteur du livre\u00a0<em>Le contract management\u00a0<\/em>&#8211; ouvrage de r\u00e9f\u00e9rence bient\u00f4t traduit en anglais chez\u00a0<em>Springer Nature<\/em>. Il consacre l\u2019essentiel de ses recherches \u00e0 l\u2019analyse de la gestion des relations contractuelles complexes et de long terme.\u00a0<\/p><\/div>\n\t\t\t\t<\/div>\n\t\t\t\t\t\t\t<div class=\"elementor-toggle-item\">\n\t\t\t\t\t<div id=\"elementor-tab-title-4136\" class=\"elementor-tab-title\" data-tab=\"6\" role=\"button\" aria-controls=\"elementor-tab-content-4136\" aria-expanded=\"false\">\n\t\t\t\t\t\t\t\t\t\t\t\t<span class=\"elementor-toggle-icon elementor-toggle-icon-left\" aria-hidden=\"true\">\n\t\t\t\t\t\t\t\t\t\t\t\t\t\t\t<span class=\"elementor-toggle-icon-closed\"><i class=\"fas fa-caret-right\"><\/i><\/span>\n\t\t\t\t\t\t\t\t<span class=\"elementor-toggle-icon-opened\"><i class=\"elementor-toggle-icon-opened fas fa-caret-up\"><\/i><\/span>\n\t\t\t\t\t\t\t\t\t\t\t\t\t<\/span>\n\t\t\t\t\t\t\t\t\t\t\t\t<a class=\"elementor-toggle-title\" tabindex=\"0\">Sophie FRIOT<\/a>\n\t\t\t\t\t<\/div>\n\n\t\t\t\t\t<div id=\"elementor-tab-content-4136\" class=\"elementor-tab-content elementor-clearfix\" data-tab=\"6\" role=\"region\" aria-labelledby=\"elementor-tab-title-4136\"><div><em><span style=\"font-family: tahoma,sans-serif;\" data-olk-copy-source=\"MessageBody\">Dipl\u00f4m\u00e9e\u00a0de l\u2019Universit\u00e9 de Sheffield Hallam en statistiques appliqu\u00e9es et ancienne \u00e9l\u00e8ve de l\u2019Institut de Haute Finance, elle poss\u00e8de une exp\u00e9rience de plus de 20 ans dans le secteur bancaire. Apr\u00e8s plusieurs ann\u00e9es en gestion de syst\u00e8me d\u2019information, elle s\u2019est sp\u00e9cialis\u00e9e en finance et notamment en gestion de tr\u00e9sorerie, ALM et exigences prudentielles dans le cadre des normes b\u00e2loises. Elle est aujourd&rsquo;hui Directrice Financi\u00e8re du Cr\u00e9dit Mutuel Oc\u00e9an.\u00a0<\/span><\/em><\/div><\/div>\n\t\t\t\t<\/div>\n\t\t\t\t\t\t\t<div class=\"elementor-toggle-item\">\n\t\t\t\t\t<div id=\"elementor-tab-title-4137\" class=\"elementor-tab-title\" data-tab=\"7\" role=\"button\" aria-controls=\"elementor-tab-content-4137\" aria-expanded=\"false\">\n\t\t\t\t\t\t\t\t\t\t\t\t<span class=\"elementor-toggle-icon elementor-toggle-icon-left\" aria-hidden=\"true\">\n\t\t\t\t\t\t\t\t\t\t\t\t\t\t\t<span class=\"elementor-toggle-icon-closed\"><i class=\"fas fa-caret-right\"><\/i><\/span>\n\t\t\t\t\t\t\t\t<span class=\"elementor-toggle-icon-opened\"><i class=\"elementor-toggle-icon-opened fas fa-caret-up\"><\/i><\/span>\n\t\t\t\t\t\t\t\t\t\t\t\t\t<\/span>\n\t\t\t\t\t\t\t\t\t\t\t\t<a class=\"elementor-toggle-title\" tabindex=\"0\">Dominique CHESNEAU<\/a>\n\t\t\t\t\t<\/div>\n\n\t\t\t\t\t<div id=\"elementor-tab-content-4137\" class=\"elementor-tab-content elementor-clearfix\" data-tab=\"7\" role=\"region\" aria-labelledby=\"elementor-tab-title-4137\"><p>Dipl\u00f4m\u00e9 de l\u2019ESSEC et ing\u00e9nieur ETP\u00a0: il a \u00e9t\u00e9 tr\u00e9sorier d\u2019Air France, a dirig\u00e9 une salle des march\u00e9s avant d\u2019\u00eatre DGA d\u2019un courtier interbancaire, a \u00e9t\u00e9 associ\u00e9 PWC puis Deloitte sp\u00e9cialis\u00e9 dans l\u2019audit et le conseil en gestion des risques financiers et en Tr\u00e9sorerie d\u2019entreprise. Il pr\u00e9side la soci\u00e9t\u00e9 de conseil Tresorisk Conseil, sp\u00e9cialis\u00e9e en tr\u00e9sorerie, financement, paiements et gestion de risques financiers. Il est expert Fintech aupr\u00e8s du p\u00f4le de comp\u00e9titivit\u00e9 Finance innovation. Directeur de th\u00e8ses professionnelles et jury du prix ANDESE de la meilleure th\u00e8se de sciences \u00e9conomiques et de gestion, il enseigne \u00e0 HEC, \u00e0 l\u2019EDHEC et \u00e0 l\u2019Universit\u00e9 de Paris Dauphine. Auteur et Co-auteur d\u2019une douzaine d\u2019ouvrages et de nombreux articles de presse professionnelle, il est aussi administrateur de la DFCG (r\u00e9seau des directeurs financiers) et membre du comit\u00e9 financier du Fonds pour le m\u00e9morial de la Shoah.<\/p><\/div>\n\t\t\t\t<\/div>\n\t\t\t\t\t\t\t<div class=\"elementor-toggle-item\">\n\t\t\t\t\t<div id=\"elementor-tab-title-4138\" class=\"elementor-tab-title\" data-tab=\"8\" role=\"button\" aria-controls=\"elementor-tab-content-4138\" aria-expanded=\"false\">\n\t\t\t\t\t\t\t\t\t\t\t\t<span class=\"elementor-toggle-icon elementor-toggle-icon-left\" aria-hidden=\"true\">\n\t\t\t\t\t\t\t\t\t\t\t\t\t\t\t<span class=\"elementor-toggle-icon-closed\"><i class=\"fas fa-caret-right\"><\/i><\/span>\n\t\t\t\t\t\t\t\t<span class=\"elementor-toggle-icon-opened\"><i class=\"elementor-toggle-icon-opened fas fa-caret-up\"><\/i><\/span>\n\t\t\t\t\t\t\t\t\t\t\t\t\t<\/span>\n\t\t\t\t\t\t\t\t\t\t\t\t<a class=\"elementor-toggle-title\" tabindex=\"0\">Christian CHOUFFIER<\/a>\n\t\t\t\t\t<\/div>\n\n\t\t\t\t\t<div id=\"elementor-tab-content-4138\" class=\"elementor-tab-content elementor-clearfix\" data-tab=\"8\" role=\"region\" aria-labelledby=\"elementor-tab-title-4138\"><p>Dipl\u00f4m\u00e9 de l\u2019Ecole Sup\u00e9rieure de Commerce de Rouen et de l\u2019IHFI, il fait sa carri\u00e8re dans l\u2019industrie \u00e0 des postes de gestion de production et de direction comptable et financi\u00e8re en France et aux Etats-Unis.\u00a0 Co-auteur de l\u2019ouvrage \u00ab\u00a0Management des Grands Projets\u00a0\u00bb sous la direction de Jean-Jacques Pluchart (MA. Editions). Membre du club de pr\u00e9s\u00e9lection du Prix Turgot depuis 1990.\u00a0 Tr\u00e9sorier de Friends of Notre-Dame de Paris depuis Septembre 2019 (Organisation charitable am\u00e9ricaine cr\u00e9e en 2017 pour lever des fonds aux Etats-Unis pour l\u2019entretien de la Cath\u00e9drale).<\/p><\/div>\n\t\t\t\t<\/div>\n\t\t\t\t\t\t\t<div class=\"elementor-toggle-item\">\n\t\t\t\t\t<div id=\"elementor-tab-title-4139\" class=\"elementor-tab-title\" data-tab=\"9\" role=\"button\" aria-controls=\"elementor-tab-content-4139\" aria-expanded=\"false\">\n\t\t\t\t\t\t\t\t\t\t\t\t<span class=\"elementor-toggle-icon elementor-toggle-icon-left\" aria-hidden=\"true\">\n\t\t\t\t\t\t\t\t\t\t\t\t\t\t\t<span class=\"elementor-toggle-icon-closed\"><i class=\"fas fa-caret-right\"><\/i><\/span>\n\t\t\t\t\t\t\t\t<span class=\"elementor-toggle-icon-opened\"><i class=\"elementor-toggle-icon-opened fas fa-caret-up\"><\/i><\/span>\n\t\t\t\t\t\t\t\t\t\t\t\t\t<\/span>\n\t\t\t\t\t\t\t\t\t\t\t\t<a class=\"elementor-toggle-title\" tabindex=\"0\">Benoit FRAYER<\/a>\n\t\t\t\t\t<\/div>\n\n\t\t\t\t\t<div id=\"elementor-tab-content-4139\" class=\"elementor-tab-content elementor-clearfix\" data-tab=\"9\" role=\"region\" aria-labelledby=\"elementor-tab-title-4139\"><\/div>\n\t\t\t\t<\/div>\n\t\t\t\t\t\t\t<div class=\"elementor-toggle-item\">\n\t\t\t\t\t<div id=\"elementor-tab-title-41310\" class=\"elementor-tab-title\" data-tab=\"10\" role=\"button\" aria-controls=\"elementor-tab-content-41310\" aria-expanded=\"false\">\n\t\t\t\t\t\t\t\t\t\t\t\t<span class=\"elementor-toggle-icon elementor-toggle-icon-left\" aria-hidden=\"true\">\n\t\t\t\t\t\t\t\t\t\t\t\t\t\t\t<span class=\"elementor-toggle-icon-closed\"><i class=\"fas fa-caret-right\"><\/i><\/span>\n\t\t\t\t\t\t\t\t<span class=\"elementor-toggle-icon-opened\"><i class=\"elementor-toggle-icon-opened fas fa-caret-up\"><\/i><\/span>\n\t\t\t\t\t\t\t\t\t\t\t\t\t<\/span>\n\t\t\t\t\t\t\t\t\t\t\t\t<a class=\"elementor-toggle-title\" tabindex=\"0\">Fabien FRERE<\/a>\n\t\t\t\t\t<\/div>\n\n\t\t\t\t\t<div id=\"elementor-tab-content-41310\" class=\"elementor-tab-content elementor-clearfix\" data-tab=\"10\" role=\"region\" aria-labelledby=\"elementor-tab-title-41310\"><\/div>\n\t\t\t\t<\/div>\n\t\t\t\t\t\t\t<div class=\"elementor-toggle-item\">\n\t\t\t\t\t<div id=\"elementor-tab-title-41311\" class=\"elementor-tab-title\" data-tab=\"11\" role=\"button\" aria-controls=\"elementor-tab-content-41311\" aria-expanded=\"false\">\n\t\t\t\t\t\t\t\t\t\t\t\t<span class=\"elementor-toggle-icon elementor-toggle-icon-left\" aria-hidden=\"true\">\n\t\t\t\t\t\t\t\t\t\t\t\t\t\t\t<span class=\"elementor-toggle-icon-closed\"><i class=\"fas fa-caret-right\"><\/i><\/span>\n\t\t\t\t\t\t\t\t<span class=\"elementor-toggle-icon-opened\"><i class=\"elementor-toggle-icon-opened fas fa-caret-up\"><\/i><\/span>\n\t\t\t\t\t\t\t\t\t\t\t\t\t<\/span>\n\t\t\t\t\t\t\t\t\t\t\t\t<a class=\"elementor-toggle-title\" tabindex=\"0\">Michel GABET<\/a>\n\t\t\t\t\t<\/div>\n\n\t\t\t\t\t<div id=\"elementor-tab-content-41311\" class=\"elementor-tab-content elementor-clearfix\" data-tab=\"11\" role=\"region\" aria-labelledby=\"elementor-tab-title-41311\"><p>Dipl\u00f4m\u00e9 de l\u2019institut de haute finance et ancien \u00e9l\u00e8ve de l\u2019institut des hautes \u00e9tudes de droit rural et d\u2019\u00e9conomie agricole. Administrateur d\u2019un groupe de protection sociale. Past-pr\u00e9sident du conseil d\u2019administration d\u2019une PME de 60 salari\u00e9s dans le domaine de l\u2019\u00e9ducation, ainsi que d\u2019une f\u00e9d\u00e9ration\u00a0 professionnelle. Membre du club de pr\u00e9-s\u00e9lection du Prix Turgot depuis ma sortie de l\u2019IHFI j\u2019ai pu constater la richesse \u00e9ditoriale dans le domaine de la finance en France. Ceci avec un certain nombre d\u2019ouvrages marquants.\u00a0 Apr\u00e8s\u00a0 voir eu plusieurs m\u00e9tiers dans la banque de d\u00e9tail-particuliers et PME-Je mets\u00a0 actuellement mon exp\u00e9rience au service des start-uppers dans le cadre d\u2019un r\u00e9seau d\u2019accompagnement des cr\u00e9ateurs d\u2019entreprises en les aidant b\u00e9n\u00e9volement \u00e0 instruire et finaliser leur projet et les suivre pendant deux ans afin de faire en sorte que leur projet r\u00e9ussisse<\/p><\/div>\n\t\t\t\t<\/div>\n\t\t\t\t\t\t\t<div class=\"elementor-toggle-item\">\n\t\t\t\t\t<div id=\"elementor-tab-title-41312\" class=\"elementor-tab-title\" data-tab=\"12\" role=\"button\" aria-controls=\"elementor-tab-content-41312\" aria-expanded=\"false\">\n\t\t\t\t\t\t\t\t\t\t\t\t<span class=\"elementor-toggle-icon elementor-toggle-icon-left\" aria-hidden=\"true\">\n\t\t\t\t\t\t\t\t\t\t\t\t\t\t\t<span class=\"elementor-toggle-icon-closed\"><i class=\"fas fa-caret-right\"><\/i><\/span>\n\t\t\t\t\t\t\t\t<span class=\"elementor-toggle-icon-opened\"><i class=\"elementor-toggle-icon-opened fas fa-caret-up\"><\/i><\/span>\n\t\t\t\t\t\t\t\t\t\t\t\t\t<\/span>\n\t\t\t\t\t\t\t\t\t\t\t\t<a class=\"elementor-toggle-title\" tabindex=\"0\">Pona SAMNICK<\/a>\n\t\t\t\t\t<\/div>\n\n\t\t\t\t\t<div id=\"elementor-tab-content-41312\" class=\"elementor-tab-content elementor-clearfix\" data-tab=\"12\" role=\"region\" aria-labelledby=\"elementor-tab-title-41312\"><p>Double Dipl\u00f4m\u00e9e en 2020 en Master II Finances IAE (Management Financier) avec Mention &amp; en MBA Finances &#8211; Institut des Hautes Finances.<\/p><p>Pona\u00a0SAMNIK a d\u00e9but\u00e9 sa carri\u00e8re dans le secteur bancaire et assurantiel.<\/p><p>Elle a ensuite \u00e9volu\u00e9 \u00e0 travers des missions au sein de grands cabinets d&rsquo;avocats fiscalistes tel que PWC &amp; DESTREMEAU Associ\u00e9s \u00e0 Neuilly &amp; Paris.<\/p><p>Puis, a occup\u00e9 le poste de Responsable partenariats international Bilingue pour des \u00e9tablissements financiers et assurantiel de renom sur Gibraltar et Wimbledon.<\/p><p>Aujourd&rsquo;hui elle propose ses prestations fonctionnelles et IT dans une grande banque mondiale du CAC 40.<\/p><p>Et, elle est experte en investissement immobilier pour particuliers et en gestion de portefeuilles d&rsquo;actifs financiers.<\/p><\/div>\n\t\t\t\t<\/div>\n\t\t\t\t\t\t\t\t<\/div>\n\t\t\t\t\t\t<\/div>\n\t\t\t\t<\/div>\n\t\t\t\t\t<\/div>\n\t\t<\/div>\n\t\t\t\t<div class=\"elementor-column elementor-col-50 elementor-top-column elementor-element elementor-element-98a37d6\" data-id=\"98a37d6\" data-element_type=\"column\" data-e-type=\"column\">\n\t\t\t<div class=\"elementor-widget-wrap elementor-element-populated\">\n\t\t\t\t\t\t<div class=\"elementor-element elementor-element-7be5a58 elementor-widget elementor-widget-toggle\" data-id=\"7be5a58\" data-element_type=\"widget\" data-e-type=\"widget\" data-widget_type=\"toggle.default\">\n\t\t\t\t<div class=\"elementor-widget-container\">\n\t\t\t\t\t\t\t<div class=\"elementor-toggle\">\n\t\t\t\t\t\t\t<div class=\"elementor-toggle-item\">\n\t\t\t\t\t<div id=\"elementor-tab-title-1291\" class=\"elementor-tab-title\" data-tab=\"1\" role=\"button\" aria-controls=\"elementor-tab-content-1291\" aria-expanded=\"false\">\n\t\t\t\t\t\t\t\t\t\t\t\t<span class=\"elementor-toggle-icon elementor-toggle-icon-left\" aria-hidden=\"true\">\n\t\t\t\t\t\t\t\t\t\t\t\t\t\t\t<span class=\"elementor-toggle-icon-closed\"><i class=\"fas fa-caret-right\"><\/i><\/span>\n\t\t\t\t\t\t\t\t<span class=\"elementor-toggle-icon-opened\"><i class=\"elementor-toggle-icon-opened fas fa-caret-up\"><\/i><\/span>\n\t\t\t\t\t\t\t\t\t\t\t\t\t<\/span>\n\t\t\t\t\t\t\t\t\t\t\t\t<a class=\"elementor-toggle-title\" tabindex=\"0\">Freddy GODET DES MARAIS<\/a>\n\t\t\t\t\t<\/div>\n\n\t\t\t\t\t<div id=\"elementor-tab-content-1291\" class=\"elementor-tab-content elementor-clearfix\" data-tab=\"1\" role=\"region\" aria-labelledby=\"elementor-tab-title-1291\"><p>Ancien \u00e9l\u00e8ve de l&rsquo;Institut de Haute Finance, de Sciences Po Paris et de l&rsquo;ESCP, il a d\u00e9but\u00e9 sa vie professionnelle dans la sph\u00e8re publique et l&rsquo;\u00e9conomie mixte\u00a0et assum\u00e9 des responsabilit\u00e9s\u00a0au sein de divers organismes, dont notamment :CDC, Equipement, Am\u00e9nagement du territoire, Urbanisme, Logement, Etudes \u00e9conomiques, D\u00e9centralisation. Puis il a rejoint\u00a0le secteur marchand, en France et \u00e0 l&rsquo;international\u00a0:\u00a0PHILIPS, CNP,\u00a0ABN AMRO, CASA,\u00a0ORANGE, au sein desquelles il a exerc\u00e9 des responsabilit\u00e9s financi\u00e8res, d&rsquo;inspection g\u00e9n\u00e9rale, d&rsquo;audit et de contr\u00f4le.<\/p><\/div>\n\t\t\t\t<\/div>\n\t\t\t\t\t\t\t<div class=\"elementor-toggle-item\">\n\t\t\t\t\t<div id=\"elementor-tab-title-1292\" class=\"elementor-tab-title\" data-tab=\"2\" role=\"button\" aria-controls=\"elementor-tab-content-1292\" aria-expanded=\"false\">\n\t\t\t\t\t\t\t\t\t\t\t\t<span class=\"elementor-toggle-icon elementor-toggle-icon-left\" aria-hidden=\"true\">\n\t\t\t\t\t\t\t\t\t\t\t\t\t\t\t<span class=\"elementor-toggle-icon-closed\"><i class=\"fas fa-caret-right\"><\/i><\/span>\n\t\t\t\t\t\t\t\t<span class=\"elementor-toggle-icon-opened\"><i class=\"elementor-toggle-icon-opened fas fa-caret-up\"><\/i><\/span>\n\t\t\t\t\t\t\t\t\t\t\t\t\t<\/span>\n\t\t\t\t\t\t\t\t\t\t\t\t<a class=\"elementor-toggle-title\" tabindex=\"0\">Claude GEORGELET <\/a>\n\t\t\t\t\t<\/div>\n\n\t\t\t\t\t<div id=\"elementor-tab-content-1292\" class=\"elementor-tab-content elementor-clearfix\" data-tab=\"2\" role=\"region\" aria-labelledby=\"elementor-tab-title-1292\"><\/div>\n\t\t\t\t<\/div>\n\t\t\t\t\t\t\t<div class=\"elementor-toggle-item\">\n\t\t\t\t\t<div id=\"elementor-tab-title-1293\" class=\"elementor-tab-title\" data-tab=\"3\" role=\"button\" aria-controls=\"elementor-tab-content-1293\" aria-expanded=\"false\">\n\t\t\t\t\t\t\t\t\t\t\t\t<span class=\"elementor-toggle-icon elementor-toggle-icon-left\" aria-hidden=\"true\">\n\t\t\t\t\t\t\t\t\t\t\t\t\t\t\t<span class=\"elementor-toggle-icon-closed\"><i class=\"fas fa-caret-right\"><\/i><\/span>\n\t\t\t\t\t\t\t\t<span class=\"elementor-toggle-icon-opened\"><i class=\"elementor-toggle-icon-opened fas fa-caret-up\"><\/i><\/span>\n\t\t\t\t\t\t\t\t\t\t\t\t\t<\/span>\n\t\t\t\t\t\t\t\t\t\t\t\t<a class=\"elementor-toggle-title\" tabindex=\"0\">Loic Le MENN<\/a>\n\t\t\t\t\t<\/div>\n\n\t\t\t\t\t<div id=\"elementor-tab-content-1293\" class=\"elementor-tab-content elementor-clearfix\" data-tab=\"3\" role=\"region\" aria-labelledby=\"elementor-tab-title-1293\"><p>Dipl\u00f4m\u00e9 de l&rsquo;Ecole Sup\u00e9rieure d&rsquo;Agriculture de Purpan Toulouse et ancien \u00e9l\u00e8ve de l&rsquo;Institut de Haute Finance (IHFI), il a exerc\u00e9 durant 10 ann\u00e9es dans le secteur bancaire\u00a0comme charg\u00e9 de financement des entreprises, directeur d&rsquo;agence centrale en milieu urbain, responsable de march\u00e9 et conseiller du Pr\u00e9sident. Directeur adjoint d&rsquo;une association d\u00e9partementale d&rsquo;expertise comptable et de conseil, il rejoint le Conseil National CERFRANCE &#8211; leader de l&rsquo;expertise comptable en France &#8211; dont il assure la direction g\u00e9n\u00e9rale adjointe durant 25 ann\u00e9es couvrant diff\u00e9rentes fonctions transversales (r\u00e9seau, audit, formation des dirigeants, finances et risques, conseil en strat\u00e9gie et recrutement de dirigeants, m\u00e9diation, international, qualit\u00e9, d\u00e9ontologie et agr\u00e9ment, relations ext\u00e9rieures, int\u00e9rims de direction). Il est administrateur d&rsquo;Initiative France, membre de la Chaire de recherche acad\u00e9mique en agriculture Finagri. Il est pr\u00e9sident d\u00e9l\u00e9gu\u00e9 de l&rsquo;association des anciens \u00e9l\u00e8ves de l&rsquo;IHFI.<\/p><\/div>\n\t\t\t\t<\/div>\n\t\t\t\t\t\t\t<div class=\"elementor-toggle-item\">\n\t\t\t\t\t<div id=\"elementor-tab-title-1294\" class=\"elementor-tab-title\" data-tab=\"4\" role=\"button\" aria-controls=\"elementor-tab-content-1294\" aria-expanded=\"false\">\n\t\t\t\t\t\t\t\t\t\t\t\t<span class=\"elementor-toggle-icon elementor-toggle-icon-left\" aria-hidden=\"true\">\n\t\t\t\t\t\t\t\t\t\t\t\t\t\t\t<span class=\"elementor-toggle-icon-closed\"><i class=\"fas fa-caret-right\"><\/i><\/span>\n\t\t\t\t\t\t\t\t<span class=\"elementor-toggle-icon-opened\"><i class=\"elementor-toggle-icon-opened fas fa-caret-up\"><\/i><\/span>\n\t\t\t\t\t\t\t\t\t\t\t\t\t<\/span>\n\t\t\t\t\t\t\t\t\t\t\t\t<a class=\"elementor-toggle-title\" tabindex=\"0\">Nguyen LOPEZ<\/a>\n\t\t\t\t\t<\/div>\n\n\t\t\t\t\t<div id=\"elementor-tab-content-1294\" class=\"elementor-tab-content elementor-clearfix\" data-tab=\"4\" role=\"region\" aria-labelledby=\"elementor-tab-title-1294\"><\/div>\n\t\t\t\t<\/div>\n\t\t\t\t\t\t\t<div class=\"elementor-toggle-item\">\n\t\t\t\t\t<div id=\"elementor-tab-title-1295\" class=\"elementor-tab-title\" data-tab=\"5\" role=\"button\" aria-controls=\"elementor-tab-content-1295\" aria-expanded=\"false\">\n\t\t\t\t\t\t\t\t\t\t\t\t<span class=\"elementor-toggle-icon elementor-toggle-icon-left\" aria-hidden=\"true\">\n\t\t\t\t\t\t\t\t\t\t\t\t\t\t\t<span class=\"elementor-toggle-icon-closed\"><i class=\"fas fa-caret-right\"><\/i><\/span>\n\t\t\t\t\t\t\t\t<span class=\"elementor-toggle-icon-opened\"><i class=\"elementor-toggle-icon-opened fas fa-caret-up\"><\/i><\/span>\n\t\t\t\t\t\t\t\t\t\t\t\t\t<\/span>\n\t\t\t\t\t\t\t\t\t\t\t\t<a class=\"elementor-toggle-title\" tabindex=\"0\">Denis MOLHO<\/a>\n\t\t\t\t\t<\/div>\n\n\t\t\t\t\t<div id=\"elementor-tab-content-1295\" class=\"elementor-tab-content elementor-clearfix\" data-tab=\"5\" role=\"region\" aria-labelledby=\"elementor-tab-title-1295\"><p>DES \u00e9conomie, Sc.p\u00f4 Paris, MBA Columbia University, IHFI, a commenc\u00e9 sa carri\u00e8re dans l\u2019Industrie o\u00f9 il a occup\u00e9 des postes de Contr\u00f4leur de gestion , auditeur interne, tr\u00e9sorier et Directeur financier. Il a, ensuite, rejoint le cabinet Peat Marwick Consultants o\u00f9 il s\u2019est investi dans les domaines de la\u00a0 performance et des syst\u00e8mes d\u2019information. Depuis 1997, il dirige le cabinet DMEPerformance, sp\u00e9cialis\u00e9 dans le suivi de la performance et dans les syst\u00e8mes d\u2019information. Denis Molho est l\u2019auteur ou le co-auteur de nombreux ouvrages, \u00ab\u00a0Tableaux de bord outils de performance\u00a0\u00bb, \u00ab La performance globale de l\u2019entreprise\u00a0\u00bb, \u00ab\u00a0Manager avec succ\u00e8s le syst\u00e8me d\u2019information de la PME\u00a0\u00bb etc. Denis Molho est conseiller technique du groupe de recherche\u00a0\u00a0 sur les syst\u00e8mes d\u2019information et le digital (GSID) de la DFCG.<\/p><\/div>\n\t\t\t\t<\/div>\n\t\t\t\t\t\t\t<div class=\"elementor-toggle-item\">\n\t\t\t\t\t<div id=\"elementor-tab-title-1296\" class=\"elementor-tab-title\" data-tab=\"6\" role=\"button\" aria-controls=\"elementor-tab-content-1296\" aria-expanded=\"false\">\n\t\t\t\t\t\t\t\t\t\t\t\t<span class=\"elementor-toggle-icon elementor-toggle-icon-left\" aria-hidden=\"true\">\n\t\t\t\t\t\t\t\t\t\t\t\t\t\t\t<span class=\"elementor-toggle-icon-closed\"><i class=\"fas fa-caret-right\"><\/i><\/span>\n\t\t\t\t\t\t\t\t<span class=\"elementor-toggle-icon-opened\"><i class=\"elementor-toggle-icon-opened fas fa-caret-up\"><\/i><\/span>\n\t\t\t\t\t\t\t\t\t\t\t\t\t<\/span>\n\t\t\t\t\t\t\t\t\t\t\t\t<a class=\"elementor-toggle-title\" tabindex=\"0\">Fran\u00e7ois NAUX<\/a>\n\t\t\t\t\t<\/div>\n\n\t\t\t\t\t<div id=\"elementor-tab-content-1296\" class=\"elementor-tab-content elementor-clearfix\" data-tab=\"6\" role=\"region\" aria-labelledby=\"elementor-tab-title-1296\"><\/div>\n\t\t\t\t<\/div>\n\t\t\t\t\t\t\t<div class=\"elementor-toggle-item\">\n\t\t\t\t\t<div id=\"elementor-tab-title-1297\" class=\"elementor-tab-title\" data-tab=\"7\" role=\"button\" aria-controls=\"elementor-tab-content-1297\" aria-expanded=\"false\">\n\t\t\t\t\t\t\t\t\t\t\t\t<span class=\"elementor-toggle-icon elementor-toggle-icon-left\" aria-hidden=\"true\">\n\t\t\t\t\t\t\t\t\t\t\t\t\t\t\t<span class=\"elementor-toggle-icon-closed\"><i class=\"fas fa-caret-right\"><\/i><\/span>\n\t\t\t\t\t\t\t\t<span class=\"elementor-toggle-icon-opened\"><i class=\"elementor-toggle-icon-opened fas fa-caret-up\"><\/i><\/span>\n\t\t\t\t\t\t\t\t\t\t\t\t\t<\/span>\n\t\t\t\t\t\t\t\t\t\t\t\t<a class=\"elementor-toggle-title\" tabindex=\"0\">Jean-Jacques PLUCHART<\/a>\n\t\t\t\t\t<\/div>\n\n\t\t\t\t\t<div id=\"elementor-tab-content-1297\" class=\"elementor-tab-content elementor-clearfix\" data-tab=\"7\" role=\"region\" aria-labelledby=\"elementor-tab-title-1297\"><p>Jean- Jacques\u00a0 Pluchart (Docteur d\u2019\u00c9tat es sciences \u00e9conomiques, HDR en gestion, Sc.p\u00f4 Paris, IHF ) a \u00e9t\u00e9 cadre financier \u00e0 Total France, Pr\u00e9sident de l\u2019Omnium Europ\u00e9en Distribution, puis consultant et professeur des universit\u00e9s. Il est actuellement professeur \u00e9m\u00e9rite \u00e0 l\u2019Universit\u00e9 Paris I Panth\u00e9on Sorbonne,\u00a0 directeur scientifique de l\u2019Institut Psychanalyse et Management,\u00a0 pr\u00e9sident du club Turgot et r\u00e9dacteur en chef du blog clubturgot.com Il est l\u2019auteur ou le co-auteur d\u2019une cinquantaine d\u2019ouvrages d\u2019\u00e9conomie et de gestion, ainsi que d\u2019une centaine d\u2019articles scientifiques. Ses derni\u00e8res publications sont\u00a0:<em>\u00a0De quoi le capitalisme est-il le nom\u00a0?,\u00a0<\/em>2016\u00a0; L<em>a pens\u00e9e \u00e9conomique fran\u00e7aise,\u00a0<\/em>avec J-L. Chambon, 2017\u00a0 et 2024;\u00a0<em>Master RSE<\/em>, avec O.Uzan,\u00a0 2017\u00a0;\u00a0\u00a0<em>\u00a0Le financier, le juriste et le geek<\/em>, avec A-P. Bahuon, Eds Maxima, 2018\u00a0;\u00a0\u00a0<em>Transformation des entreprises<\/em>,\u00a0<em>la strat\u00e9gie<\/em>\u00a0<em>phygitale des m\u00e9tiers du chiffre et du droit,\u00a0<\/em>avec A-P. Bahuon, 2019\u00a0;\u00a0<em>Les nouveaux syst\u00e8mes de pilotage des entreprises,<\/em>\u00a0Eds Eska, 2020\u2026\u00a0<strong>Il a re\u00e7u le prix du jury Turgot en 2001, le prix Turgot- DFCG en 2017 et le prix Turgot des ouvrages collectifs en 2018.<\/strong><\/p><\/div>\n\t\t\t\t<\/div>\n\t\t\t\t\t\t\t<div class=\"elementor-toggle-item\">\n\t\t\t\t\t<div id=\"elementor-tab-title-1298\" class=\"elementor-tab-title\" data-tab=\"8\" role=\"button\" aria-controls=\"elementor-tab-content-1298\" aria-expanded=\"false\">\n\t\t\t\t\t\t\t\t\t\t\t\t<span class=\"elementor-toggle-icon elementor-toggle-icon-left\" aria-hidden=\"true\">\n\t\t\t\t\t\t\t\t\t\t\t\t\t\t\t<span class=\"elementor-toggle-icon-closed\"><i class=\"fas fa-caret-right\"><\/i><\/span>\n\t\t\t\t\t\t\t\t<span class=\"elementor-toggle-icon-opened\"><i class=\"elementor-toggle-icon-opened fas fa-caret-up\"><\/i><\/span>\n\t\t\t\t\t\t\t\t\t\t\t\t\t<\/span>\n\t\t\t\t\t\t\t\t\t\t\t\t<a class=\"elementor-toggle-title\" tabindex=\"0\">Adeline PRUVOST<\/a>\n\t\t\t\t\t<\/div>\n\n\t\t\t\t\t<div id=\"elementor-tab-content-1298\" class=\"elementor-tab-content elementor-clearfix\" data-tab=\"8\" role=\"region\" aria-labelledby=\"elementor-tab-title-1298\"><\/div>\n\t\t\t\t<\/div>\n\t\t\t\t\t\t\t<div class=\"elementor-toggle-item\">\n\t\t\t\t\t<div id=\"elementor-tab-title-1299\" class=\"elementor-tab-title\" data-tab=\"9\" role=\"button\" aria-controls=\"elementor-tab-content-1299\" aria-expanded=\"false\">\n\t\t\t\t\t\t\t\t\t\t\t\t<span class=\"elementor-toggle-icon elementor-toggle-icon-left\" aria-hidden=\"true\">\n\t\t\t\t\t\t\t\t\t\t\t\t\t\t\t<span class=\"elementor-toggle-icon-closed\"><i class=\"fas fa-caret-right\"><\/i><\/span>\n\t\t\t\t\t\t\t\t<span class=\"elementor-toggle-icon-opened\"><i class=\"elementor-toggle-icon-opened fas fa-caret-up\"><\/i><\/span>\n\t\t\t\t\t\t\t\t\t\t\t\t\t<\/span>\n\t\t\t\t\t\t\t\t\t\t\t\t<a class=\"elementor-toggle-title\" tabindex=\"0\">Pona SAMNIK<\/a>\n\t\t\t\t\t<\/div>\n\n\t\t\t\t\t<div id=\"elementor-tab-content-1299\" class=\"elementor-tab-content elementor-clearfix\" data-tab=\"9\" role=\"region\" aria-labelledby=\"elementor-tab-title-1299\"><\/div>\n\t\t\t\t<\/div>\n\t\t\t\t\t\t\t<div class=\"elementor-toggle-item\">\n\t\t\t\t\t<div id=\"elementor-tab-title-12910\" class=\"elementor-tab-title\" data-tab=\"10\" role=\"button\" aria-controls=\"elementor-tab-content-12910\" aria-expanded=\"false\">\n\t\t\t\t\t\t\t\t\t\t\t\t<span class=\"elementor-toggle-icon elementor-toggle-icon-left\" aria-hidden=\"true\">\n\t\t\t\t\t\t\t\t\t\t\t\t\t\t\t<span class=\"elementor-toggle-icon-closed\"><i class=\"fas fa-caret-right\"><\/i><\/span>\n\t\t\t\t\t\t\t\t<span class=\"elementor-toggle-icon-opened\"><i class=\"elementor-toggle-icon-opened fas fa-caret-up\"><\/i><\/span>\n\t\t\t\t\t\t\t\t\t\t\t\t\t<\/span>\n\t\t\t\t\t\t\t\t\t\t\t\t<a class=\"elementor-toggle-title\" tabindex=\"0\">Olivier STEPHAN<\/a>\n\t\t\t\t\t<\/div>\n\n\t\t\t\t\t<div id=\"elementor-tab-content-12910\" class=\"elementor-tab-content elementor-clearfix\" data-tab=\"10\" role=\"region\" aria-labelledby=\"elementor-tab-title-12910\"><\/div>\n\t\t\t\t<\/div>\n\t\t\t\t\t\t\t<div class=\"elementor-toggle-item\">\n\t\t\t\t\t<div id=\"elementor-tab-title-12911\" class=\"elementor-tab-title\" data-tab=\"11\" role=\"button\" aria-controls=\"elementor-tab-content-12911\" aria-expanded=\"false\">\n\t\t\t\t\t\t\t\t\t\t\t\t<span class=\"elementor-toggle-icon elementor-toggle-icon-left\" aria-hidden=\"true\">\n\t\t\t\t\t\t\t\t\t\t\t\t\t\t\t<span class=\"elementor-toggle-icon-closed\"><i class=\"fas fa-caret-right\"><\/i><\/span>\n\t\t\t\t\t\t\t\t<span class=\"elementor-toggle-icon-opened\"><i class=\"elementor-toggle-icon-opened fas fa-caret-up\"><\/i><\/span>\n\t\t\t\t\t\t\t\t\t\t\t\t\t<\/span>\n\t\t\t\t\t\t\t\t\t\t\t\t<a class=\"elementor-toggle-title\" tabindex=\"0\">Vincent VANLIER<\/a>\n\t\t\t\t\t<\/div>\n\n\t\t\t\t\t<div id=\"elementor-tab-content-12911\" class=\"elementor-tab-content elementor-clearfix\" data-tab=\"11\" role=\"region\" aria-labelledby=\"elementor-tab-title-12911\"><p>Vincent VANLIER est ing\u00e9nieur t\u00e9l\u00e9com, dipl\u00f4m\u00e9 de l\u2019institut mines t\u00e9l\u00e9coms Lille-Douai et de T\u00e9l\u00e9com ParisTech. Il est aussi un IHFi de la promo 49.<br \/>Apr\u00e8s plusieurs exp\u00e9riences professionnelles dans diff\u00e9rentes startups fran\u00e7aises, il int\u00e8gre des grands groupes dont le Cr\u00e9dit Agricole, THALES et aujourd\u2019hui EDF comme architecte du syst\u00e8me d\u2019information.<\/p><\/div>\n\t\t\t\t<\/div>\n\t\t\t\t\t\t\t<div class=\"elementor-toggle-item\">\n\t\t\t\t\t<div id=\"elementor-tab-title-12912\" class=\"elementor-tab-title\" data-tab=\"12\" role=\"button\" aria-controls=\"elementor-tab-content-12912\" aria-expanded=\"false\">\n\t\t\t\t\t\t\t\t\t\t\t\t<span class=\"elementor-toggle-icon elementor-toggle-icon-left\" aria-hidden=\"true\">\n\t\t\t\t\t\t\t\t\t\t\t\t\t\t\t<span class=\"elementor-toggle-icon-closed\"><i class=\"fas fa-caret-right\"><\/i><\/span>\n\t\t\t\t\t\t\t\t<span class=\"elementor-toggle-icon-opened\"><i class=\"elementor-toggle-icon-opened fas fa-caret-up\"><\/i><\/span>\n\t\t\t\t\t\t\t\t\t\t\t\t\t<\/span>\n\t\t\t\t\t\t\t\t\t\t\t\t<a class=\"elementor-toggle-title\" tabindex=\"0\">Kathleen  WANTZ-O\u2019ROURKE<\/a>\n\t\t\t\t\t<\/div>\n\n\t\t\t\t\t<div id=\"elementor-tab-content-12912\" class=\"elementor-tab-content elementor-clearfix\" data-tab=\"12\" role=\"region\" aria-labelledby=\"elementor-tab-title-12912\"><p>Dipl\u00f4m\u00e9e de la Chambre d\u2019Industrie et Commerce de Nuremberg, Bachelor Business, de l\u2019Universit\u00e9 Paris-Dauphine, MSG, de Duke University, Advanced Management Program et de l\u2019Institut de Haute Finance, Master II Expert en Finance, elle a occup\u00e9 des postes cl\u00e9s en France et \u00e0 l\u2019\u00e9tranger depuis plus de 20 ans dans les secteurs de l\u2019Industrie, l\u2019Energie et du Transport dans des grandes entreprises telles Siemens, ENGIE et Keolis. Membre du comit\u00e9 ex\u00e9cutif de Keolis depuis avril 2018, elle y dirige la Direction Ex\u00e9cutive Finance et Juridique du Groupe. Elle si\u00e8ge \u00e9galement au Conseil d\u2019Administration du groupe Nexans o\u00f9 elle pr\u00e9side le Comit\u00e9 d\u2019Audit.\u00a0 Membre du Research Advisory Committee, SKEMA Business School, Membre du Club de lecture du Prix Turgot, Membre du Cercle des Femmes Dirigeantes et Administratrice du Trust Management Institute, fonds de dotation cr\u00e9\u00e9 par des dirigeants, professeurs, chercheurs cercle de r\u00e9flexion sur la confiance.<\/p><\/div>\n\t\t\t\t<\/div>\n\t\t\t\t\t\t\t\t\t\t<script type=\"application\/ld+json\">{\"@context\":\"https:\\\/\\\/schema.org\",\"@type\":\"FAQPage\",\"mainEntity\":[{\"@type\":\"Question\",\"name\":\"Freddy GODET DES MARAIS\",\"acceptedAnswer\":{\"@type\":\"Answer\",\"text\":\"<p>Ancien \\u00e9l\\u00e8ve de l&rsquo;Institut de Haute Finance, de Sciences Po Paris et de l&rsquo;ESCP, il a d\\u00e9but\\u00e9 sa vie professionnelle dans la sph\\u00e8re publique et l&rsquo;\\u00e9conomie mixte\\u00a0et assum\\u00e9 des responsabilit\\u00e9s\\u00a0au sein de divers organismes, dont notamment :CDC, Equipement, Am\\u00e9nagement du territoire, Urbanisme, Logement, Etudes \\u00e9conomiques, D\\u00e9centralisation. Puis il a rejoint\\u00a0le secteur marchand, en France et \\u00e0 l&rsquo;international\\u00a0:\\u00a0PHILIPS, CNP,\\u00a0ABN AMRO, CASA,\\u00a0ORANGE, au sein desquelles il a exerc\\u00e9 des responsabilit\\u00e9s financi\\u00e8res, d&rsquo;inspection g\\u00e9n\\u00e9rale, d&rsquo;audit et de contr\\u00f4le.<\\\/p>\"}},{\"@type\":\"Question\",\"name\":\"Claude GEORGELET\",\"acceptedAnswer\":{\"@type\":\"Answer\",\"text\":\"\"}},{\"@type\":\"Question\",\"name\":\"Loic Le MENN\",\"acceptedAnswer\":{\"@type\":\"Answer\",\"text\":\"<p>Dipl\\u00f4m\\u00e9 de l&rsquo;Ecole Sup\\u00e9rieure d&rsquo;Agriculture de Purpan Toulouse et ancien \\u00e9l\\u00e8ve de l&rsquo;Institut de Haute Finance (IHFI), il a exerc\\u00e9 durant 10 ann\\u00e9es dans le secteur bancaire\\u00a0comme charg\\u00e9 de financement des entreprises, directeur d&rsquo;agence centrale en milieu urbain, responsable de march\\u00e9 et conseiller du Pr\\u00e9sident. Directeur adjoint d&rsquo;une association d\\u00e9partementale d&rsquo;expertise comptable et de conseil, il rejoint le Conseil National CERFRANCE &#8211; leader de l&rsquo;expertise comptable en France &#8211; dont il assure la direction g\\u00e9n\\u00e9rale adjointe durant 25 ann\\u00e9es couvrant diff\\u00e9rentes fonctions transversales (r\\u00e9seau, audit, formation des dirigeants, finances et risques, conseil en strat\\u00e9gie et recrutement de dirigeants, m\\u00e9diation, international, qualit\\u00e9, d\\u00e9ontologie et agr\\u00e9ment, relations ext\\u00e9rieures, int\\u00e9rims de direction). Il est administrateur d&rsquo;Initiative France, membre de la Chaire de recherche acad\\u00e9mique en agriculture Finagri. Il est pr\\u00e9sident d\\u00e9l\\u00e9gu\\u00e9 de l&rsquo;association des anciens \\u00e9l\\u00e8ves de l&rsquo;IHFI.<\\\/p>\"}},{\"@type\":\"Question\",\"name\":\"Nguyen LOPEZ\",\"acceptedAnswer\":{\"@type\":\"Answer\",\"text\":\"\"}},{\"@type\":\"Question\",\"name\":\"Denis MOLHO\",\"acceptedAnswer\":{\"@type\":\"Answer\",\"text\":\"<p>DES \\u00e9conomie, Sc.p\\u00f4 Paris, MBA Columbia University, IHFI, a commenc\\u00e9 sa carri\\u00e8re dans l\\u2019Industrie o\\u00f9 il a occup\\u00e9 des postes de Contr\\u00f4leur de gestion , auditeur interne, tr\\u00e9sorier et Directeur financier. Il a, ensuite, rejoint le cabinet Peat Marwick Consultants o\\u00f9 il s\\u2019est investi dans les domaines de la\\u00a0 performance et des syst\\u00e8mes d\\u2019information. Depuis 1997, il dirige le cabinet DMEPerformance, sp\\u00e9cialis\\u00e9 dans le suivi de la performance et dans les syst\\u00e8mes d\\u2019information. Denis Molho est l\\u2019auteur ou le co-auteur de nombreux ouvrages, \\u00ab\\u00a0Tableaux de bord outils de performance\\u00a0\\u00bb, \\u00ab La performance globale de l\\u2019entreprise\\u00a0\\u00bb, \\u00ab\\u00a0Manager avec succ\\u00e8s le syst\\u00e8me d\\u2019information de la PME\\u00a0\\u00bb etc. Denis Molho est conseiller technique du groupe de recherche\\u00a0\\u00a0 sur les syst\\u00e8mes d\\u2019information et le digital (GSID) de la DFCG.<\\\/p>\"}},{\"@type\":\"Question\",\"name\":\"Fran\\u00e7ois NAUX\",\"acceptedAnswer\":{\"@type\":\"Answer\",\"text\":\"\"}},{\"@type\":\"Question\",\"name\":\"Jean-Jacques PLUCHART\",\"acceptedAnswer\":{\"@type\":\"Answer\",\"text\":\"<p>Jean- Jacques\\u00a0 Pluchart (Docteur d\\u2019\\u00c9tat es sciences \\u00e9conomiques, HDR en gestion, Sc.p\\u00f4 Paris, IHF ) a \\u00e9t\\u00e9 cadre financier \\u00e0 Total France, Pr\\u00e9sident de l\\u2019Omnium Europ\\u00e9en Distribution, puis consultant et professeur des universit\\u00e9s. Il est actuellement professeur \\u00e9m\\u00e9rite \\u00e0 l\\u2019Universit\\u00e9 Paris I Panth\\u00e9on Sorbonne,\\u00a0 directeur scientifique de l\\u2019Institut Psychanalyse et Management,\\u00a0 pr\\u00e9sident du club Turgot et r\\u00e9dacteur en chef du blog clubturgot.com Il est l\\u2019auteur ou le co-auteur d\\u2019une cinquantaine d\\u2019ouvrages d\\u2019\\u00e9conomie et de gestion, ainsi que d\\u2019une centaine d\\u2019articles scientifiques. Ses derni\\u00e8res publications sont\\u00a0:<em>\\u00a0De quoi le capitalisme est-il le nom\\u00a0?,\\u00a0<\\\/em>2016\\u00a0; L<em>a pens\\u00e9e \\u00e9conomique fran\\u00e7aise,\\u00a0<\\\/em>avec J-L. Chambon, 2017\\u00a0 et 2024;\\u00a0<em>Master RSE<\\\/em>, avec O.Uzan,\\u00a0 2017\\u00a0;\\u00a0\\u00a0<em>\\u00a0Le financier, le juriste et le geek<\\\/em>, avec A-P. Bahuon, Eds Maxima, 2018\\u00a0;\\u00a0\\u00a0<em>Transformation des entreprises<\\\/em>,\\u00a0<em>la strat\\u00e9gie<\\\/em>\\u00a0<em>phygitale des m\\u00e9tiers du chiffre et du droit,\\u00a0<\\\/em>avec A-P. Bahuon, 2019\\u00a0;\\u00a0<em>Les nouveaux syst\\u00e8mes de pilotage des entreprises,<\\\/em>\\u00a0Eds Eska, 2020\\u2026\\u00a0<strong>Il a re\\u00e7u le prix du jury Turgot en 2001, le prix Turgot- DFCG en 2017 et le prix Turgot des ouvrages collectifs en 2018.<\\\/strong><\\\/p>\"}},{\"@type\":\"Question\",\"name\":\"Adeline PRUVOST\",\"acceptedAnswer\":{\"@type\":\"Answer\",\"text\":\"\"}},{\"@type\":\"Question\",\"name\":\"Pona SAMNIK\",\"acceptedAnswer\":{\"@type\":\"Answer\",\"text\":\"\"}},{\"@type\":\"Question\",\"name\":\"Olivier STEPHAN\",\"acceptedAnswer\":{\"@type\":\"Answer\",\"text\":\"\"}},{\"@type\":\"Question\",\"name\":\"Vincent VANLIER\",\"acceptedAnswer\":{\"@type\":\"Answer\",\"text\":\"<p>Vincent VANLIER est ing\\u00e9nieur t\\u00e9l\\u00e9com, dipl\\u00f4m\\u00e9 de l\\u2019institut mines t\\u00e9l\\u00e9coms Lille-Douai et de T\\u00e9l\\u00e9com ParisTech. Il est aussi un IHFi de la promo 49.<br \\\/>Apr\\u00e8s plusieurs exp\\u00e9riences professionnelles dans diff\\u00e9rentes startups fran\\u00e7aises, il int\\u00e8gre des grands groupes dont le Cr\\u00e9dit Agricole, THALES et aujourd\\u2019hui EDF comme architecte du syst\\u00e8me d\\u2019information.<\\\/p>\"}},{\"@type\":\"Question\",\"name\":\"Kathleen  WANTZ-O\\u2019ROURKE\",\"acceptedAnswer\":{\"@type\":\"Answer\",\"text\":\"<p>Dipl\\u00f4m\\u00e9e de la Chambre d\\u2019Industrie et Commerce de Nuremberg, Bachelor Business, de l\\u2019Universit\\u00e9 Paris-Dauphine, MSG, de Duke University, Advanced Management Program et de l\\u2019Institut de Haute Finance, Master II Expert en Finance, elle a occup\\u00e9 des postes cl\\u00e9s en France et \\u00e0 l\\u2019\\u00e9tranger depuis plus de 20 ans dans les secteurs de l\\u2019Industrie, l\\u2019Energie et du Transport dans des grandes entreprises telles Siemens, ENGIE et Keolis. Membre du comit\\u00e9 ex\\u00e9cutif de Keolis depuis avril 2018, elle y dirige la Direction Ex\\u00e9cutive Finance et Juridique du Groupe. Elle si\\u00e8ge \\u00e9galement au Conseil d\\u2019Administration du groupe Nexans o\\u00f9 elle pr\\u00e9side le Comit\\u00e9 d\\u2019Audit.\\u00a0 Membre du Research Advisory Committee, SKEMA Business School, Membre du Club de lecture du Prix Turgot, Membre du Cercle des Femmes Dirigeantes et Administratrice du Trust Management Institute, fonds de dotation cr\\u00e9\\u00e9 par des dirigeants, professeurs, chercheurs cercle de r\\u00e9flexion sur la confiance.<\\\/p>\"}}]}<\/script>\n\t\t\t\t\t<\/div>\n\t\t\t\t\t\t<\/div>\n\t\t\t\t<\/div>\n\t\t\t\t\t<\/div>\n\t\t<\/div>\n\t\t\t\t\t<\/div>\n\t\t<\/section>\n\t\t\t\t<\/div>\n\t\t","protected":false},"excerpt":{"rendered":"<p>Hubert ALCARAZ Docteur es\u00a0 sciences \u00e9conomiques, dipl\u00f4m\u00e9 de l\u2019 IAE, du Business Training Course (G.E.), de l\u2019IHFi\u00a0 et du CHEE-DD<\/p>\n","protected":false},"author":1,"featured_media":0,"parent":0,"menu_order":0,"comment_status":"closed","ping_status":"closed","template":"","meta":{"colormag_page_container_layout":"default_layout","colormag_page_sidebar_layout":"default_layout","footnotes":""},"class_list":["post-1660","page","type-page","status-publish","hentry"],"aioseo_notices":[],"_links":{"self":[{"href":"http:\/\/www.ihfi-turgot.com\/index.php?rest_route=\/wp\/v2\/pages\/1660","targetHints":{"allow":["GET"]}}],"collection":[{"href":"http:\/\/www.ihfi-turgot.com\/index.php?rest_route=\/wp\/v2\/pages"}],"about":[{"href":"http:\/\/www.ihfi-turgot.com\/index.php?rest_route=\/wp\/v2\/types\/page"}],"author":[{"embeddable":true,"href":"http:\/\/www.ihfi-turgot.com\/index.php?rest_route=\/wp\/v2\/users\/1"}],"replies":[{"embeddable":true,"href":"http:\/\/www.ihfi-turgot.com\/index.php?rest_route=%2Fwp%2Fv2%2Fcomments&post=1660"}],"version-history":[{"count":22,"href":"http:\/\/www.ihfi-turgot.com\/index.php?rest_route=\/wp\/v2\/pages\/1660\/revisions"}],"predecessor-version":[{"id":2030,"href":"http:\/\/www.ihfi-turgot.com\/index.php?rest_route=\/wp\/v2\/pages\/1660\/revisions\/2030"}],"wp:attachment":[{"href":"http:\/\/www.ihfi-turgot.com\/index.php?rest_route=%2Fwp%2Fv2%2Fmedia&parent=1660"}],"curies":[{"name":"wp","href":"https:\/\/api.w.org\/{rel}","templated":true}]}}